{"id":36,"date":"2020-10-22T10:17:11","date_gmt":"2020-10-22T10:17:11","guid":{"rendered":"http:\/\/catedra.us.es\/catedraautismo\/?page_id=36"},"modified":"2022-08-21T06:27:39","modified_gmt":"2022-08-21T06:27:39","slug":"autismo","status":"publish","type":"page","link":"https:\/\/catedra.us.es\/catedraautismo\/autismo\/","title":{"rendered":"Autismo"},"content":{"rendered":"<p>[vc_row][vc_column][vc_column_text]<\/p>\r\n<h2>El autismo a d\u00eda de hoy<\/h2>\r\n\r\n<p>El autismo es una <img loading=\"lazy\" class=\"wp-image-268 alignleft\" src=\"https:\/\/catedra.us.es\/catedraautismo\/wp-content\/uploads\/2022\/08\/01.Autismo-300x137.jpg\" alt=\"Autism\" width=\"296\" height=\"135\" srcset=\"https:\/\/catedra.us.es\/catedraautismo\/wp-content\/uploads\/2022\/08\/01.Autismo-300x137.jpg 300w, https:\/\/catedra.us.es\/catedraautismo\/wp-content\/uploads\/2022\/08\/01.Autismo-1024x469.jpg 1024w, https:\/\/catedra.us.es\/catedraautismo\/wp-content\/uploads\/2022\/08\/01.Autismo-768x352.jpg 768w, https:\/\/catedra.us.es\/catedraautismo\/wp-content\/uploads\/2022\/08\/01.Autismo-1536x703.jpg 1536w, https:\/\/catedra.us.es\/catedraautismo\/wp-content\/uploads\/2022\/08\/01.Autismo-2048x938.jpg 2048w\" sizes=\"(max-width: 296px) 100vw, 296px\" \/>condici\u00f3n del neurodesarrollo que acompa\u00f1a a la persona a lo largo de su vida. Todas las personas dentro del espectro del autismo comparten dificultades en el \u00e1rea de la comunicaci\u00f3n y las habilidades sociales, as\u00ed como una dificultad para adaptarse a los cambios que se producen a su alrededor de forma flexible, lo que lleva a mostrar conductas e intereses repetitivos y estereotipados. Su presentaci\u00f3n var\u00eda mucho de unas personas a otras ya que puede asociarse al autismo, dificultades en el desarrollo del lenguaje, discapacidad intelectual, otras patolog\u00edas neurol\u00f3gicas o mentales. Las necesidades que las personas muestra a lo largo de la vida son muy diversas en funci\u00f3n, entre otras circunstancias, del momento de la vida en la que se encuentre la persona y su familia.<\/p>\r\n\r\n\r\n\r\n\r\n\r\n\r\n\r\n<h2>\u00a0<\/h2>\r\n<h2>Investigaci\u00f3n aplicada<\/h2>\r\n\r\n<p><img loading=\"lazy\" class=\"alignleft wp-image-271\" src=\"https:\/\/catedra.us.es\/catedraautismo\/wp-content\/uploads\/2022\/08\/02.-Investigacion-300x200.jpg\" alt=\"Gr\u00e1ficas, lupas, papeles que indican que se est\u00e1 analizando algo\" width=\"277\" height=\"184\" srcset=\"https:\/\/catedra.us.es\/catedraautismo\/wp-content\/uploads\/2022\/08\/02.-Investigacion-300x200.jpg 300w, https:\/\/catedra.us.es\/catedraautismo\/wp-content\/uploads\/2022\/08\/02.-Investigacion-1024x683.jpg 1024w, https:\/\/catedra.us.es\/catedraautismo\/wp-content\/uploads\/2022\/08\/02.-Investigacion-768x512.jpg 768w, https:\/\/catedra.us.es\/catedraautismo\/wp-content\/uploads\/2022\/08\/02.-Investigacion-1536x1024.jpg 1536w, https:\/\/catedra.us.es\/catedraautismo\/wp-content\/uploads\/2022\/08\/02.-Investigacion-2048x1365.jpg 2048w\" sizes=\"(max-width: 277px) 100vw, 277px\" \/>A lo largo de los \u00faltimos a\u00f1os, se ha avanzado mucho en el conocimiento del autismo, pero son todav\u00eda muchas las inc\u00f3gnitas y son muchos los retos que persisten y que van surgiendo conforme otros se van resolviendo.<br \/>Desde la C\u00e1tedra, se pretende impulsar aquella investigaci\u00f3n que tenga un impacto sobre la vida de las personas, y que responda a algunos de los retos y necesidades identificados por las propias personas y sus familias. Esta alianza a\u00fana, por un lado, la excelencia y el rigor investigador de la Universidad de Sevilla, y por otro, el conocimiento profundo de las necesidades de las personas y sus familias de Autismo Sevilla.<\/p>\r\n<p>&nbsp;<\/p>\r\n\r\n\r\n\r\n\r\n\r\n\r\n\r\n<h2>Formaci\u00f3n especializada para apoyos y servicios<\/h2>\r\n<p>&nbsp;<\/p>\r\n<p><img loading=\"lazy\" class=\"alignleft wp-image-273\" src=\"https:\/\/catedra.us.es\/catedraautismo\/wp-content\/uploads\/2022\/08\/03.-Formacion-300x200.jpg\" alt=\"Equipo de trabajo\" width=\"241\" height=\"160\" srcset=\"https:\/\/catedra.us.es\/catedraautismo\/wp-content\/uploads\/2022\/08\/03.-Formacion-300x200.jpg 300w, https:\/\/catedra.us.es\/catedraautismo\/wp-content\/uploads\/2022\/08\/03.-Formacion-1024x683.jpg 1024w, https:\/\/catedra.us.es\/catedraautismo\/wp-content\/uploads\/2022\/08\/03.-Formacion-768x512.jpg 768w, https:\/\/catedra.us.es\/catedraautismo\/wp-content\/uploads\/2022\/08\/03.-Formacion-1536x1024.jpg 1536w, https:\/\/catedra.us.es\/catedraautismo\/wp-content\/uploads\/2022\/08\/03.-Formacion-2048x1365.jpg 2048w\" sizes=\"(max-width: 241px) 100vw, 241px\" \/><\/p>\r\n<p>Las gu\u00edas de buenas pr\u00e1cticas y documentos de referencia como la\u00a0Estrategia Espa\u00f1ola para el Trastorno del Espectro del Autismo, establecen que la mejor forma de poder ofrecer servicios y apoyos de calidad a las personas con autismo es garantizando el\u00a0apoyo y atenci\u00f3n por parte de profesionales especializados. Por ello, es fundamental que desde la Universidad se asegure una formaci\u00f3n especializada que pueda capacitar a los profesionales futuros en las herramientas, metodolog\u00edas y enfoque asentados en la\u00a0evidencia cient\u00edfica acumulada.<\/p>\r\n\r\n<p>&nbsp;<\/p>\r\n<!-- \/wp:paragraph -->\r\n\r\n<!-- wp:paragraph --><!-- \/wp:paragraph -->\r\n\r\n<!-- wp:paragraph --><!-- \/wp:paragraph -->\r\n\r\n<!-- wp:heading -->\r\n<p style=\"font-size: 16px; font-weight: 400;\">\u00a0<\/p>\r\n<h2>Las personas con autismo en la Universidad<\/h2>\r\n<p><img loading=\"lazy\" class=\"wp-image-274  alignleft\" src=\"https:\/\/catedra.us.es\/catedraautismo\/wp-content\/uploads\/2022\/08\/04.-Universidad-300x200.jpg\" alt=\"Estudiantes\" width=\"257\" height=\"171\" srcset=\"https:\/\/catedra.us.es\/catedraautismo\/wp-content\/uploads\/2022\/08\/04.-Universidad-300x200.jpg 300w, https:\/\/catedra.us.es\/catedraautismo\/wp-content\/uploads\/2022\/08\/04.-Universidad-1024x683.jpg 1024w, https:\/\/catedra.us.es\/catedraautismo\/wp-content\/uploads\/2022\/08\/04.-Universidad-768x512.jpg 768w, https:\/\/catedra.us.es\/catedraautismo\/wp-content\/uploads\/2022\/08\/04.-Universidad-1536x1024.jpg 1536w, https:\/\/catedra.us.es\/catedraautismo\/wp-content\/uploads\/2022\/08\/04.-Universidad-2048x1365.jpg 2048w\" sizes=\"(max-width: 257px) 100vw, 257px\" \/><\/p>\r\n<p>Cada vez son m\u00e1s las personas en el espectro del autismo que acceden a la Universidad.\u00a0Los apoyos educativos, y en muchos casos su tes\u00f3n y el de sus familias, lleva a un mayor n\u00famero de alumnos y alumnas a comenzar sus estudios universitarios. Es necesario que la Universidad pueda ofrecer los apoyos necesarios y garantizar su accesibilidad a todos los niveles. Para ello es fundamental mejorar la formaci\u00f3n y sensibilizaci\u00f3n de toda la comunidad universitaria para hacer de la Universidad un lugar amigable y\u00a0respetuosos para cualquier persona con diversidad funcional.<\/p>\r\n<p>[\/vc_column_text][\/vc_column][\/vc_row]<\/p>","protected":false},"excerpt":{"rendered":"<p>[vc_row][vc_column][vc_column_text] El autismo a d\u00eda de hoy El autismo es una condici\u00f3n del neurodesarrollo que acompa\u00f1a a la persona a lo largo de su vida. Todas las personas dentro del espectro del autismo comparten dificultades en el \u00e1rea de la comunicaci\u00f3n y las habilidades sociales, as\u00ed como una dificultad para adaptarse a los cambios que [&hellip;]<\/p>\n","protected":false},"author":1,"featured_media":0,"parent":0,"menu_order":0,"comment_status":"closed","ping_status":"closed","template":"","meta":[],"_links":{"self":[{"href":"https:\/\/catedra.us.es\/catedraautismo\/wp-json\/wp\/v2\/pages\/36"}],"collection":[{"href":"https:\/\/catedra.us.es\/catedraautismo\/wp-json\/wp\/v2\/pages"}],"about":[{"href":"https:\/\/catedra.us.es\/catedraautismo\/wp-json\/wp\/v2\/types\/page"}],"author":[{"embeddable":true,"href":"https:\/\/catedra.us.es\/catedraautismo\/wp-json\/wp\/v2\/users\/1"}],"replies":[{"embeddable":true,"href":"https:\/\/catedra.us.es\/catedraautismo\/wp-json\/wp\/v2\/comments?post=36"}],"version-history":[{"count":12,"href":"https:\/\/catedra.us.es\/catedraautismo\/wp-json\/wp\/v2\/pages\/36\/revisions"}],"predecessor-version":[{"id":277,"href":"https:\/\/catedra.us.es\/catedraautismo\/wp-json\/wp\/v2\/pages\/36\/revisions\/277"}],"wp:attachment":[{"href":"https:\/\/catedra.us.es\/catedraautismo\/wp-json\/wp\/v2\/media?parent=36"}],"curies":[{"name":"wp","href":"https:\/\/api.w.org\/{rel}","templated":true}]}}