{"id":688,"date":"2025-02-08T19:44:06","date_gmt":"2025-02-08T19:44:06","guid":{"rendered":"https:\/\/catedra.us.es\/catedraautismo\/?page_id=688"},"modified":"2025-06-30T09:21:29","modified_gmt":"2025-06-30T09:21:29","slug":"neurodiversia","status":"publish","type":"page","link":"https:\/\/catedra.us.es\/catedraautismo\/neurodiversia\/","title":{"rendered":"Neurodiversia"},"content":{"rendered":"<div class=\"wp-block-image\">\n<figure class=\"aligncenter size-full is-resized\"><img loading=\"lazy\" src=\"https:\/\/catedra.us.es\/catedraautismo\/wp-content\/uploads\/2025\/06\/Logo-neurodiversia-baja-calidad.jpg\" alt=\"\" class=\"wp-image-848\" width=\"282\" height=\"278\" srcset=\"https:\/\/catedra.us.es\/catedraautismo\/wp-content\/uploads\/2025\/06\/Logo-neurodiversia-baja-calidad.jpg 862w, https:\/\/catedra.us.es\/catedraautismo\/wp-content\/uploads\/2025\/06\/Logo-neurodiversia-baja-calidad-300x296.jpg 300w, https:\/\/catedra.us.es\/catedraautismo\/wp-content\/uploads\/2025\/06\/Logo-neurodiversia-baja-calidad-768x757.jpg 768w\" sizes=\"(max-width: 282px) 100vw, 282px\" \/><\/figure><\/div>\n\n\n<p><strong>Neurodiversia: un podcast sobre autismo<\/strong>, es un proyecto que nace con una misi\u00f3n clara: hablar del autismo desde la voz de quienes lo viven en primera persona. Cada mes, personas autistas entrevistan a expertos, investigadores, activistas, y a otros autistas, para compartir sus experiencias, reflexiones y conocimientos con la sociedad.<\/p>\n\n\n\n<p>\ud83c\udf99\ufe0f <strong>Autismo en primera persona<\/strong><br>En cada episodio, las voces protagonistas son personas autistas, quienes llevan la conducci\u00f3n del programa con profesionalismo, sensibilidad y un profundo compromiso con la divulgaci\u00f3n rigurosa y respetuosa. Hablamos de temas actuales, respondemos dudas comunes y desmentimos mitos, con el fin de construir una sociedad m\u00e1s emp\u00e1tica e informada.<\/p>\n\n\n\n<hr class=\"wp-block-separator has-alpha-channel-opacity\"\/>\n\n\n\n<h2>\u00bfQui\u00e9n lo realiza?<\/h2>\n\n\n\n<p>Este proyecto es fruto del trabajo colaborativo de m\u00faltiples entidades que creen en la inclusi\u00f3n, la autorrepresentaci\u00f3n y la transformaci\u00f3n social a trav\u00e9s de la comunicaci\u00f3n:<br><br><strong>Universidad de Sevilla \u2013 RadiUS<\/strong><br>La Radio de la Universidad de Sevilla (RadiUS) es una iniciativa universitaria con vocaci\u00f3n cultural y sin fines comerciales. Surge como una v\u00eda de expresi\u00f3n libre para la comunidad universitaria, promoviendo debates, divulgaci\u00f3n y participaci\u00f3n social desde una perspectiva alternativa.<br>\ud83d\udd17 <a class=\"\" href=\"https:\/\/radius.us.es\">https:\/\/radius.us.es<\/a><\/p>\n\n\n\n<p><strong>Asociaci\u00f3n Autismo Sevilla \u2013 Servicio de Empleo<\/strong><br>Entidad de referencia en Andaluc\u00eda en la atenci\u00f3n, apoyo e inclusi\u00f3n de personas autistas. A trav\u00e9s de su Servicio de Empleo, facilita oportunidades de formaci\u00f3n y acceso al mundo laboral. Sus usuarios y usuarias participan activamente en la ejecuci\u00f3n del podcast.<br>\ud83d\udd17 <a class=\"\" href=\"https:\/\/www.autismosevilla.org\">https:\/\/www.autismosevilla.org<\/a><\/p>\n\n\n\n<p><strong>C\u00e1tedra de Autismo<\/strong><br>Iniciativa conjunta entre la Universidad de Sevilla, Autismo Sevilla y empresas privadas. Su misi\u00f3n es impulsar la formaci\u00f3n, la investigaci\u00f3n y la divulgaci\u00f3n sobre el autismo, fomentando proyectos liderados por personas autistas.<br>\ud83d\udd17 <a class=\"\" href=\"https:\/\/catedraautismo.us.es\">https:\/\/catedraautismo.us.es<\/a><\/p>\n\n\n\n<p><strong>Befesa<\/strong><br>Empresa especializada en la gesti\u00f3n y reciclaje de residuos industriales. Principal patrocinadora del proyecto, apoya activamente iniciativas sociales orientadas a la inclusi\u00f3n y la diversidad.<br>\ud83d\udd17 <a class=\"\" href=\"https:\/\/www.befesa.com\">https:\/\/www.befesa.com<\/a><\/p>\n\n\n\n<p><strong>Estudiantes, egresados y personas autistas participantes<\/strong><br>Personas autistas, tanto del entorno universitario como del Servicio de Empleo de Autismo Sevilla, son quienes redactan, conducen y producen los episodios. Son el coraz\u00f3n del proyecto y representan la voz directa de una comunidad hist\u00f3ricamente invisibilizada.<\/p>\n\n\n\n<hr class=\"wp-block-separator has-alpha-channel-opacity\"\/>\n\n\n\n<h2>\u00bfPor Qu\u00e9 Nace Neurodiversia?<\/h2>\n\n\n\n<p>La motivaci\u00f3n principal de este proyecto es dar respuesta a la falta de oportunidades para muchas personas adultas autistas, tanto en lo personal como en lo laboral. Adem\u00e1s, responde a la urgencia de:<\/p>\n\n\n\n<ul><li>Impulsar la <strong>autorrepresentaci\u00f3n<\/strong> en los medios<\/li><li>Crear espacios de comunicaci\u00f3n <strong>respetuosos e inclusivos<\/strong><\/li><li>Ofrecer <strong>informaci\u00f3n veraz y actualizada<\/strong> sobre el autismo<\/li><\/ul>\n\n\n\n<hr class=\"wp-block-separator has-alpha-channel-opacity\"\/>\n\n\n\n<h2>Nuestros Objetivos<\/h2>\n\n\n\n<p>Neurodiversia nace con la intenci\u00f3n de ofrecer una plataforma informativa y formativa que visibilice la diversidad dentro del espectro autista, desde una perspectiva aut\u00e9ntica y basada en la experiencia directa. El proyecto busca, adem\u00e1s, promover la inclusi\u00f3n social y laboral de las personas autistas, creando oportunidades de aprendizaje y participaci\u00f3n real en el \u00e1mbito de la comunicaci\u00f3n.<\/p>\n\n\n\n<p>Para ello, perseguimos los siguientes objetivos principales:<\/p>\n\n\n\n<ul><li>Difundir informaci\u00f3n actualizada, rigurosa y veraz sobre el Trastorno del Espectro del Autismo.<\/li><li>Dar visibilidad a la realidad de las personas autistas y a la investigaci\u00f3n relacionada con el autismo.<\/li><li>Facilitar experiencia laboral y formaci\u00f3n pr\u00e1ctica a estudiantes universitarios y usuarios del servicio de empleo de Autismo Sevilla, a trav\u00e9s de la producci\u00f3n del podcast.<\/li><li>Desmontar mitos y estereotipos sociales err\u00f3neos que afectan a las personas autistas.<\/li><li>Fomentar la creaci\u00f3n de un ambiente m\u00e1s inclusivo y respetuoso, donde las diferencias sean valoradas y se promueva la igualdad de oportunidades.<\/li><\/ul>\n\n\n\n<p>En conjunto, estos objetivos contribuyen a construir una sociedad m\u00e1s informada, emp\u00e1tica y abierta, donde las voces autistas sean escuchadas y reconocidas como agentes activos del cambio.<\/p>\n\n\n\n<hr class=\"wp-block-separator has-alpha-channel-opacity\"\/>\n\n\n\n<h2>Un Espacio de Aprendizaje y Transformaci\u00f3n<\/h2>\n\n\n\n<p>Neurodiversia no es solo un programa informativo. Es una <strong>herramienta de transformaci\u00f3n personal y social<\/strong>. Ha supuesto una experiencia enriquecedora para todos los participantes, quienes han ejercido como guionistas, locutores y comunicadores, ocupando un lugar central en la narraci\u00f3n de sus propias historias.<\/p>\n\n\n\n<p>Porque <strong>la inclusi\u00f3n empieza por escuchar<\/strong>. Y nadie mejor que las propias personas autistas para contar qu\u00e9 significa vivir en un mundo que todav\u00eda tiene mucho que aprender.<\/p>\n\n\n\n<hr class=\"wp-block-separator has-alpha-channel-opacity\"\/>\n\n\n\n<h2>Esc\u00fachanos y S\u00e9 Parte del Cambio<\/h2>\n\n\n\n<p>Disponible en las principales plataformas de podcast: iVoox y Spotify<br>S\u00edguenos, comparte, y \u00fanete a esta red de voces diversas que apuestan por un futuro m\u00e1s justo e inclusivo.<\/p>\n\n\n\n<p>\ud83c\udfa7 <a href=\"https:\/\/radio.us.es\/programa\/neurodiversia\/\" target=\"_blank\" rel=\"noreferrer noopener\">Esc\u00fachanos en RadiUS (haz click)<\/a><\/p>\n","protected":false},"excerpt":{"rendered":"<p>Neurodiversia: un podcast sobre autismo, es un proyecto que nace con una misi\u00f3n clara: hablar del autismo desde la voz de quienes lo viven en primera persona. Cada mes, personas autistas entrevistan a expertos, investigadores, activistas, y a otros autistas, para compartir sus experiencias, reflexiones y conocimientos con la sociedad. \ud83c\udf99\ufe0f Autismo en primera personaEn [&hellip;]<\/p>\n","protected":false},"author":2,"featured_media":0,"parent":0,"menu_order":0,"comment_status":"closed","ping_status":"closed","template":"","meta":[],"_links":{"self":[{"href":"https:\/\/catedra.us.es\/catedraautismo\/wp-json\/wp\/v2\/pages\/688"}],"collection":[{"href":"https:\/\/catedra.us.es\/catedraautismo\/wp-json\/wp\/v2\/pages"}],"about":[{"href":"https:\/\/catedra.us.es\/catedraautismo\/wp-json\/wp\/v2\/types\/page"}],"author":[{"embeddable":true,"href":"https:\/\/catedra.us.es\/catedraautismo\/wp-json\/wp\/v2\/users\/2"}],"replies":[{"embeddable":true,"href":"https:\/\/catedra.us.es\/catedraautismo\/wp-json\/wp\/v2\/comments?post=688"}],"version-history":[{"count":5,"href":"https:\/\/catedra.us.es\/catedraautismo\/wp-json\/wp\/v2\/pages\/688\/revisions"}],"predecessor-version":[{"id":853,"href":"https:\/\/catedra.us.es\/catedraautismo\/wp-json\/wp\/v2\/pages\/688\/revisions\/853"}],"wp:attachment":[{"href":"https:\/\/catedra.us.es\/catedraautismo\/wp-json\/wp\/v2\/media?parent=688"}],"curies":[{"name":"wp","href":"https:\/\/api.w.org\/{rel}","templated":true}]}}