{"id":699,"date":"2021-06-21T15:03:12","date_gmt":"2021-06-21T15:03:12","guid":{"rendered":"https:\/\/catedra.us.es\/catedracepsa\/?page_id=699"},"modified":"2021-07-01T05:52:15","modified_gmt":"2021-07-01T05:52:15","slug":"becas-premios-y-ayudas","status":"publish","type":"page","link":"https:\/\/catedra.us.es\/catedracepsa\/becas-premios-y-ayudas\/","title":{"rendered":"Becas, Premios y Ayudas"},"content":{"rendered":"\n<section class=\"wp-block-uagb-section uagb-section__wrap uagb-section__background-image alignfull uagb-block-ab58c473 altura613\"><div class=\"uagb-section__overlay\"><\/div><div class=\"uagb-section__inner-wrap\">\n<section class=\"wp-block-uagb-section uagb-section__wrap uagb-section__background-undefined uagb-block-e166b63d\"><div class=\"uagb-section__overlay\"><\/div><div class=\"uagb-section__inner-wrap\">\n<h5 class=\"has-white-color has-text-color\" id=\"block-dabbf6bd-f93e-43ac-b1fa-42a2a40fdf2d\"><br>NUESTRAS<\/h5>\n\n\n\n<h1 class=\"has-white-color has-text-color\" id=\"block-d0b938da-6cd4-4679-90f7-e43ab6e0198d\" style=\"font-size:60px\">Becas, Premios y Ayudas<\/h1>\n\n\n\n<p class=\"has-white-color has-text-color\" id=\"block-3442a511-9c0d-4023-817a-51b29a6ec213\">Inscr\u00edbete para optar a nuestras becas<br>profesionales. Todo lo relacionado con ayudas<br>y premios lo encontrar\u00e1s aqu\u00ed.<\/p>\n\n\n\n<p><\/p>\n<\/div><\/section>\n<\/div><\/section>\n\n\n\n<section class=\"wp-block-uagb-section uagb-section__wrap uagb-section__background-undefined uagb-block-30f1d0b1\"><div class=\"uagb-section__overlay\"><\/div><div class=\"uagb-section__inner-wrap\">\n\t\t\t<div class=\"uagb-post-grid noticiasseccion uagb-post__image-position-top uagb-block-215b9c0b   \" data-total=\"5\">\n\n\t\t\t\t<div class=\"uagb-post__items uagb-post__columns-3 is-grid uagb-post__columns-tablet-2 uagb-post__columns-mobile-1 uagb-post__equal-height\">\n\n\t\t\t\t\t\t\t\t<article >\n\t\t\t\t\t\t\t\t\t\t<div class=\"uagb-post__inner-wrap\">\n\t\t\t\t\t\t\t\t\t\t\t\t\t\t\t<div class='uagb-post__image'>\n\t\t\t\t<a href=\"https:\/\/catedra.us.es\/catedracepsa\/2025\/03\/26\/entrega-de-los-premios-a-los-mejores-tfg-y-tfm-catedra-moeve-xii-edicion\/\" target=\"_self\" rel=\"bookmark noopener noreferrer\"><img width=\"1024\" height=\"768\" src=\"https:\/\/catedra.us.es\/catedracepsa\/wp-content\/uploads\/2025\/03\/PHOTO-2025-03-26-12-47-17-1024x768.jpg\" class=\"attachment-large size-large\" alt=\"\" loading=\"lazy\" srcset=\"https:\/\/catedra.us.es\/catedracepsa\/wp-content\/uploads\/2025\/03\/PHOTO-2025-03-26-12-47-17-1024x768.jpg 1024w, https:\/\/catedra.us.es\/catedracepsa\/wp-content\/uploads\/2025\/03\/PHOTO-2025-03-26-12-47-17-300x225.jpg 300w, https:\/\/catedra.us.es\/catedracepsa\/wp-content\/uploads\/2025\/03\/PHOTO-2025-03-26-12-47-17-768x576.jpg 768w, https:\/\/catedra.us.es\/catedracepsa\/wp-content\/uploads\/2025\/03\/PHOTO-2025-03-26-12-47-17-1536x1152.jpg 1536w, https:\/\/catedra.us.es\/catedracepsa\/wp-content\/uploads\/2025\/03\/PHOTO-2025-03-26-12-47-17.jpg 1600w\" sizes=\"(max-width: 1024px) 100vw, 1024px\" \/>\t\t\t\t<\/a>\n\t\t\t<\/div>\n\t\t\t\t\t\t<div class='uagb-post__text'> \n\t\t\t\t<h3 class=\"uagb-post__title\">\n\t\t\t\t\t<a href=\"https:\/\/catedra.us.es\/catedracepsa\/2025\/03\/26\/entrega-de-los-premios-a-los-mejores-tfg-y-tfm-catedra-moeve-xii-edicion\/\" target=\"_self\" rel=\"bookmark noopener noreferrer\">Visita al Parque Energ\u00e9tico La R\u00e1bida<\/a>\n\t\t\t\t<\/h3>\n\t\t\t<\/div>\n\t\t\t\t\t\t<div class='uagb-post__text'> \n\t\t\t<div class=\"uagb-post-grid-byline\">\n\t\t\t\t\t\t\t\t<time datetime=\"2025-03-26T22:46:00+00:00\" class=\"uagb-post__date\">\n\t\t\t\t\t<span class=\"dashicons-calendar dashicons\"><\/span>\n\t\t\t\t\t26 de marzo de 2025\t\t\t\t<\/time>\n\t\t\t\t\t\t<\/div>\n\t\t\t<\/div>\n\t\t\t\t\t\t\t<div class='uagb-post__text'> \n\t\t\t\t\t<div class=\"uagb-post__excerpt\">\n\t\t\t\t\t\tLos alumnos de las asignaturas de Refino de Petr\u00f3leo del M\u00e1ster de \u2026\t\t\t\t\t<\/div>\n\t\t\t<\/div>\n\t\t\t\t\t\t\t\t<\/div>\n\t\t\t\t\t\t\t\t\t<\/article>\n\t\t\t\t\t\t\t\t<article >\n\t\t\t\t\t\t\t\t\t\t<div class=\"uagb-post__inner-wrap\">\n\t\t\t\t\t\t\t\t\t\t\t\t\t\t\t<div class='uagb-post__image'>\n\t\t\t\t<a href=\"https:\/\/catedra.us.es\/catedracepsa\/2025\/03\/21\/entrega-de-premios-a-los-mejores-tfg-y-tfm-xii-edicion\/\" target=\"_self\" rel=\"bookmark noopener noreferrer\"><img width=\"1024\" height=\"640\" src=\"https:\/\/catedra.us.es\/catedracepsa\/wp-content\/uploads\/2025\/03\/PremiosETSi2025-51red-1024x640.jpg\" class=\"attachment-large size-large\" alt=\"\" loading=\"lazy\" srcset=\"https:\/\/catedra.us.es\/catedracepsa\/wp-content\/uploads\/2025\/03\/PremiosETSi2025-51red-1024x640.jpg 1024w, https:\/\/catedra.us.es\/catedracepsa\/wp-content\/uploads\/2025\/03\/PremiosETSi2025-51red-300x187.jpg 300w, https:\/\/catedra.us.es\/catedracepsa\/wp-content\/uploads\/2025\/03\/PremiosETSi2025-51red-768x480.jpg 768w, https:\/\/catedra.us.es\/catedracepsa\/wp-content\/uploads\/2025\/03\/PremiosETSi2025-51red-1536x960.jpg 1536w, https:\/\/catedra.us.es\/catedracepsa\/wp-content\/uploads\/2025\/03\/PremiosETSi2025-51red-2048x1279.jpg 2048w\" sizes=\"(max-width: 1024px) 100vw, 1024px\" \/>\t\t\t\t<\/a>\n\t\t\t<\/div>\n\t\t\t\t\t\t<div class='uagb-post__text'> \n\t\t\t\t<h3 class=\"uagb-post__title\">\n\t\t\t\t\t<a href=\"https:\/\/catedra.us.es\/catedracepsa\/2025\/03\/21\/entrega-de-premios-a-los-mejores-tfg-y-tfm-xii-edicion\/\" target=\"_self\" rel=\"bookmark noopener noreferrer\">Entrega de Premios a los mejores TFG y TFM. XII Edici\u00f3n.<\/a>\n\t\t\t\t<\/h3>\n\t\t\t<\/div>\n\t\t\t\t\t\t<div class='uagb-post__text'> \n\t\t\t<div class=\"uagb-post-grid-byline\">\n\t\t\t\t\t\t\t\t<time datetime=\"2025-03-21T23:53:00+00:00\" class=\"uagb-post__date\">\n\t\t\t\t\t<span class=\"dashicons-calendar dashicons\"><\/span>\n\t\t\t\t\t21 de marzo de 2025\t\t\t\t<\/time>\n\t\t\t\t\t\t<\/div>\n\t\t\t<\/div>\n\t\t\t\t\t\t\t<div class='uagb-post__text'> \n\t\t\t\t\t<div class=\"uagb-post__excerpt\">\n\t\t\t\t\t\tComo cada a\u00f1o, la C\u00e1tedra MOEVE de la Universidad de Sevilla ha \u2026\t\t\t\t\t<\/div>\n\t\t\t<\/div>\n\t\t\t\t\t\t\t\t<\/div>\n\t\t\t\t\t\t\t\t\t<\/article>\n\t\t\t\t\t\t\t\t<article >\n\t\t\t\t\t\t\t\t\t\t<div class=\"uagb-post__inner-wrap\">\n\t\t\t\t\t\t\t\t\t\t\t\t\t\t\t<div class='uagb-post__image'>\n\t\t\t\t<a href=\"https:\/\/catedra.us.es\/catedracepsa\/2024\/02\/16\/entrega-de-premios-a-los-mejores-tfg-y-tfm-x-edicion\/\" target=\"_self\" rel=\"bookmark noopener noreferrer\"><img width=\"1024\" height=\"768\" src=\"https:\/\/catedra.us.es\/catedracepsa\/wp-content\/uploads\/2023\/03\/IMG_4905-1024x768.jpg\" class=\"attachment-large size-large\" alt=\"\" loading=\"lazy\" srcset=\"https:\/\/catedra.us.es\/catedracepsa\/wp-content\/uploads\/2023\/03\/IMG_4905-1024x768.jpg 1024w, https:\/\/catedra.us.es\/catedracepsa\/wp-content\/uploads\/2023\/03\/IMG_4905-300x225.jpg 300w, https:\/\/catedra.us.es\/catedracepsa\/wp-content\/uploads\/2023\/03\/IMG_4905-768x576.jpg 768w, https:\/\/catedra.us.es\/catedracepsa\/wp-content\/uploads\/2023\/03\/IMG_4905-1536x1152.jpg 1536w, https:\/\/catedra.us.es\/catedracepsa\/wp-content\/uploads\/2023\/03\/IMG_4905-2048x1536.jpg 2048w\" sizes=\"(max-width: 1024px) 100vw, 1024px\" \/>\t\t\t\t<\/a>\n\t\t\t<\/div>\n\t\t\t\t\t\t<div class='uagb-post__text'> \n\t\t\t\t<h3 class=\"uagb-post__title\">\n\t\t\t\t\t<a href=\"https:\/\/catedra.us.es\/catedracepsa\/2024\/02\/16\/entrega-de-premios-a-los-mejores-tfg-y-tfm-x-edicion\/\" target=\"_self\" rel=\"bookmark noopener noreferrer\">Entrega de Premios a los mejores TFG y TFM. XI Edici\u00f3n.<\/a>\n\t\t\t\t<\/h3>\n\t\t\t<\/div>\n\t\t\t\t\t\t<div class='uagb-post__text'> \n\t\t\t<div class=\"uagb-post-grid-byline\">\n\t\t\t\t\t\t\t\t<time datetime=\"2024-02-16T21:38:00+00:00\" class=\"uagb-post__date\">\n\t\t\t\t\t<span class=\"dashicons-calendar dashicons\"><\/span>\n\t\t\t\t\t16 de febrero de 2024\t\t\t\t<\/time>\n\t\t\t\t\t\t<\/div>\n\t\t\t<\/div>\n\t\t\t\t\t\t\t<div class='uagb-post__text'> \n\t\t\t\t\t<div class=\"uagb-post__excerpt\">\n\t\t\t\t\t\tLa C\u00e1tedra Fundaci\u00f3n\u00a0Cepsa\u00a0de la Universidad de Sevilla ha otorgado los premios a \u2026\t\t\t\t\t<\/div>\n\t\t\t<\/div>\n\t\t\t\t\t\t\t\t<\/div>\n\t\t\t\t\t\t\t\t\t<\/article>\n\t\t\t\t\t\t\t\t<\/div>\n\t\t\t\t\t\t\t<\/div>\n\t\t\t<\/div><\/section>\n\n\n\n<section class=\"wp-block-uagb-section uagb-section__wrap uagb-section__background-undefined uagb-block-80eff2cc\"><div class=\"uagb-section__overlay\"><\/div><div class=\"uagb-section__inner-wrap\">\n<h2 class=\"has-text-align-center has-black-color has-text-color\">F\u00d3RMATE CON NOSOTROS<\/h2>\n<\/div><\/section>\n\n\n\n<section class=\"wp-block-uagb-section uagb-section__wrap uagb-section__background-undefined uagb-block-8cd00c61\"><div class=\"uagb-section__overlay\"><\/div><div class=\"uagb-section__inner-wrap\">\n<p class=\"has-text-align-center\">\u00a1ES LA HORA EMPEZAR A PREPARAR TU FUTURO! DESCUBRE NUESTROS TIPOS DE FORMACI\u00d3N<\/p>\n<\/div><\/section>\n\n\n\n<section class=\"wp-block-uagb-section uagb-section__wrap uagb-section__background-image uagb-block-40bb9f4e height400 hoverseccion\"><div class=\"uagb-section__overlay\"><\/div><div class=\"uagb-section__inner-wrap\">\n<section class=\"wp-block-uagb-section uagb-section__wrap uagb-section__background-undefined uagb-block-6413a290\"><div class=\"uagb-section__overlay\"><\/div><div class=\"uagb-section__inner-wrap\">\n<h2 class=\"has-text-align-left has-white-color has-text-color\"><a href=\"https:\/\/catedra.us.es\/catedracepsa\/actividades-de-id\/\">ACTIVIDADES I + D<\/a><\/h2>\n\n\n\n<p class=\"has-white-color has-text-color\"><a href=\"https:\/\/catedra.us.es\/catedracepsa\/actividades\/actividades-id\/\">Ver m\u00e1s ><\/a><\/p>\n<\/div><\/section>\n<\/div><\/section>\n\n\n\n<section class=\"wp-block-uagb-section uagb-section__wrap uagb-section__background-undefined uagb-block-d5f435e7\"><div class=\"uagb-section__overlay\"><\/div><div class=\"uagb-section__inner-wrap\">\n<div class=\"wp-block-columns\">\n<div class=\"wp-block-column\">\n<section class=\"wp-block-uagb-section uagb-section__wrap uagb-section__background-image uagb-block-40f750ad height400 hoverseccion\"><div class=\"uagb-section__overlay\"><\/div><div class=\"uagb-section__inner-wrap\">\n<h2 class=\"linkseccion has-white-color has-text-color\"><a href=\"https:\/\/catedra.us.es\/catedracepsa\/conferencias\/\">CONFERENCIAS<\/a><\/h2>\n\n\n\n<p class=\"has-white-color has-text-color\"><a href=\"https:\/\/catedra.us.es\/catedracepsa\/actividades\/conferencias\/\">Ver m\u00e1s ><\/a><\/p>\n<\/div><\/section>\n<\/div>\n\n\n\n<div class=\"wp-block-column\">\n<section class=\"wp-block-uagb-section uagb-section__wrap uagb-section__background-image uagb-block-8501294a height400 hoverseccion\"><div class=\"uagb-section__overlay\"><\/div><div class=\"uagb-section__inner-wrap\">\n<h2 class=\"has-white-color has-text-color\"><a href=\"https:\/\/catedra.us.es\/catedracepsa\/cursos-y-seminarios\/\">CURSOS Y SEMINARIOS<\/a><\/h2>\n\n\n\n<p class=\"has-white-color has-text-color\"><a href=\"https:\/\/catedra.us.es\/catedracepsa\/actividades\/cursos-y-seminarios\/\">Ver m\u00e1s ><\/a><\/p>\n<\/div><\/section>\n<\/div>\n<\/div>\n<\/div><\/section>\n\n\n\n<section class=\"wp-block-uagb-section uagb-section__wrap uagb-section__background-undefined uagb-block-91016553\"><div class=\"uagb-section__overlay\"><\/div><div class=\"uagb-section__inner-wrap\">\n<div class=\"wp-block-buttons alignwide is-content-justification-center\">\n<div class=\"wp-block-button anchoboton\"><a class=\"wp-block-button__link\" href=\"https:\/\/catedra.us.es\/catedracepsa\/actividades\/\">FORMACI\u00d3N<\/a><\/div>\n<\/div>\n<\/div><\/section>\n\n\n\n<section class=\"wp-block-uagb-section uagb-section__wrap uagb-section__background-undefined uagb-block-b1d29058\"><div class=\"uagb-section__overlay\"><\/div><div class=\"uagb-section__inner-wrap\">\n<h2 class=\"has-text-align-center has-black-color has-text-color\">NOTICIAS<\/h2>\n<\/div><\/section>\n\n\n\n<section class=\"wp-block-uagb-section uagb-section__wrap uagb-section__background-undefined uagb-block-50e1d167\"><div class=\"uagb-section__overlay\"><\/div><div class=\"uagb-section__inner-wrap\">\n<p class=\"has-text-align-center\">DESCUBRE LAS \u00daLTIMAS NOTICIAS EN C\u00c1TEDRA FUNDACI\u00d3N CEPSA<\/p>\n<\/div><\/section>\n\n\n\n<section class=\"wp-block-uagb-section uagb-section__wrap uagb-section__background-undefined uagb-block-a58d3c9d\"><div class=\"uagb-section__overlay\"><\/div><div class=\"uagb-section__inner-wrap\">\n\t\t\t<div class=\"uagb-post-grid noticiasseccion uagb-post__image-position-top uagb-block-c008e95f   \" data-total=\"9\">\n\n\t\t\t\t<div class=\"uagb-post__items uagb-post__columns-3 is-grid uagb-post__columns-tablet-2 uagb-post__columns-mobile-1 uagb-post__equal-height\">\n\n\t\t\t\t\t\t\t\t<article >\n\t\t\t\t\t\t\t\t\t\t<div class=\"uagb-post__inner-wrap\">\n\t\t\t\t\t\t\t\t\t\t\t\t\t\t\t<div class='uagb-post__image'>\n\t\t\t\t<a href=\"https:\/\/catedra.us.es\/catedracepsa\/2025\/11\/03\/mesa-redonda-nuevas-capacitaciones-profesionales-para-la-transicion-energetica\/\" target=\"_self\" rel=\"bookmark noopener noreferrer\"><img width=\"1024\" height=\"669\" src=\"https:\/\/catedra.us.es\/catedracepsa\/wp-content\/uploads\/2025\/11\/Captura-de-pantalla-2025-11-06-182302-1024x669.png\" class=\"attachment-large size-large\" alt=\"\" loading=\"lazy\" srcset=\"https:\/\/catedra.us.es\/catedracepsa\/wp-content\/uploads\/2025\/11\/Captura-de-pantalla-2025-11-06-182302-1024x669.png 1024w, https:\/\/catedra.us.es\/catedracepsa\/wp-content\/uploads\/2025\/11\/Captura-de-pantalla-2025-11-06-182302-300x196.png 300w, https:\/\/catedra.us.es\/catedracepsa\/wp-content\/uploads\/2025\/11\/Captura-de-pantalla-2025-11-06-182302-768x502.png 768w, https:\/\/catedra.us.es\/catedracepsa\/wp-content\/uploads\/2025\/11\/Captura-de-pantalla-2025-11-06-182302.png 1165w\" sizes=\"(max-width: 1024px) 100vw, 1024px\" \/>\t\t\t\t<\/a>\n\t\t\t<\/div>\n\t\t\t\t\t\t<div class='uagb-post__text'> \n\t\t\t\t<h3 class=\"uagb-post__title\">\n\t\t\t\t\t<a href=\"https:\/\/catedra.us.es\/catedracepsa\/2025\/11\/03\/mesa-redonda-nuevas-capacitaciones-profesionales-para-la-transicion-energetica\/\" target=\"_self\" rel=\"bookmark noopener noreferrer\">Mesa redonda \u00abNuevas capacitaciones profesionales para la transici\u00f3n energ\u00e9tica\u00bb.<\/a>\n\t\t\t\t<\/h3>\n\t\t\t<\/div>\n\t\t\t\t\t\t<div class='uagb-post__text'> \n\t\t\t<div class=\"uagb-post-grid-byline\">\n\t\t\t\t\t\t\t\t<time datetime=\"2025-11-03T17:06:00+00:00\" class=\"uagb-post__date\">\n\t\t\t\t\t<span class=\"dashicons-calendar dashicons\"><\/span>\n\t\t\t\t\t3 de noviembre de 2025\t\t\t\t<\/time>\n\t\t\t\t\t\t<\/div>\n\t\t\t<\/div>\n\t\t\t\t\t\t\t<div class='uagb-post__text'> \n\t\t\t\t\t<div class=\"uagb-post__excerpt\">\n\t\t\t\t\t\tEl pr\u00f3ximo dia 10 de noviembre coincidiendo con la inauguraci\u00f3n del Aula \u2026\t\t\t\t\t<\/div>\n\t\t\t<\/div>\n\t\t\t\t\t\t\t\t<\/div>\n\t\t\t\t\t\t\t\t\t<\/article>\n\t\t\t\t\t\t\t\t<article >\n\t\t\t\t\t\t\t\t\t\t<div class=\"uagb-post__inner-wrap\">\n\t\t\t\t\t\t\t\t\t\t\t\t\t\t\t<div class='uagb-post__image'>\n\t\t\t\t<a href=\"https:\/\/catedra.us.es\/catedracepsa\/2025\/10\/29\/convocatoria-xiii-edicion-de-los-premios-a-los-mejores-tfg-y-tfm-catedra-moeve\/\" target=\"_self\" rel=\"bookmark noopener noreferrer\"><img width=\"768\" height=\"538\" src=\"https:\/\/catedra.us.es\/catedracepsa\/wp-content\/uploads\/2025\/10\/Moeve-768x538-1.jpg\" class=\"attachment-large size-large\" alt=\"\" loading=\"lazy\" srcset=\"https:\/\/catedra.us.es\/catedracepsa\/wp-content\/uploads\/2025\/10\/Moeve-768x538-1.jpg 768w, https:\/\/catedra.us.es\/catedracepsa\/wp-content\/uploads\/2025\/10\/Moeve-768x538-1-300x210.jpg 300w\" sizes=\"(max-width: 768px) 100vw, 768px\" \/>\t\t\t\t<\/a>\n\t\t\t<\/div>\n\t\t\t\t\t\t<div class='uagb-post__text'> \n\t\t\t\t<h3 class=\"uagb-post__title\">\n\t\t\t\t\t<a href=\"https:\/\/catedra.us.es\/catedracepsa\/2025\/10\/29\/convocatoria-xiii-edicion-de-los-premios-a-los-mejores-tfg-y-tfm-catedra-moeve\/\" target=\"_self\" rel=\"bookmark noopener noreferrer\">Convocatoria XIII Edici\u00f3n de los Premios a los mejores TFG y TFM C\u00e1tedra Moeve<\/a>\n\t\t\t\t<\/h3>\n\t\t\t<\/div>\n\t\t\t\t\t\t<div class='uagb-post__text'> \n\t\t\t<div class=\"uagb-post-grid-byline\">\n\t\t\t\t\t\t\t\t<time datetime=\"2025-10-29T15:45:35+00:00\" class=\"uagb-post__date\">\n\t\t\t\t\t<span class=\"dashicons-calendar dashicons\"><\/span>\n\t\t\t\t\t29 de octubre de 2025\t\t\t\t<\/time>\n\t\t\t\t\t\t<\/div>\n\t\t\t<\/div>\n\t\t\t\t\t\t\t<div class='uagb-post__text'> \n\t\t\t\t\t<div class=\"uagb-post__excerpt\">\n\t\t\t\t\t\t.\n\n\n\nSe convoca la XIII edici\u00f3n de los premios a los mejores trabajos \u2026\t\t\t\t\t<\/div>\n\t\t\t<\/div>\n\t\t\t\t\t\t\t\t<\/div>\n\t\t\t\t\t\t\t\t\t<\/article>\n\t\t\t\t\t\t\t\t<article >\n\t\t\t\t\t\t\t\t\t\t<div class=\"uagb-post__inner-wrap\">\n\t\t\t\t\t\t\t\t\t\t\t\t\t\t\t<div class='uagb-post__image'>\n\t\t\t\t<a href=\"https:\/\/catedra.us.es\/catedracepsa\/2025\/03\/26\/entrega-de-los-premios-a-los-mejores-tfg-y-tfm-catedra-moeve-xii-edicion\/\" target=\"_self\" rel=\"bookmark noopener noreferrer\"><img width=\"1024\" height=\"768\" src=\"https:\/\/catedra.us.es\/catedracepsa\/wp-content\/uploads\/2025\/03\/PHOTO-2025-03-26-12-47-17-1024x768.jpg\" class=\"attachment-large size-large\" alt=\"\" loading=\"lazy\" srcset=\"https:\/\/catedra.us.es\/catedracepsa\/wp-content\/uploads\/2025\/03\/PHOTO-2025-03-26-12-47-17-1024x768.jpg 1024w, https:\/\/catedra.us.es\/catedracepsa\/wp-content\/uploads\/2025\/03\/PHOTO-2025-03-26-12-47-17-300x225.jpg 300w, https:\/\/catedra.us.es\/catedracepsa\/wp-content\/uploads\/2025\/03\/PHOTO-2025-03-26-12-47-17-768x576.jpg 768w, https:\/\/catedra.us.es\/catedracepsa\/wp-content\/uploads\/2025\/03\/PHOTO-2025-03-26-12-47-17-1536x1152.jpg 1536w, https:\/\/catedra.us.es\/catedracepsa\/wp-content\/uploads\/2025\/03\/PHOTO-2025-03-26-12-47-17.jpg 1600w\" sizes=\"(max-width: 1024px) 100vw, 1024px\" \/>\t\t\t\t<\/a>\n\t\t\t<\/div>\n\t\t\t\t\t\t<div class='uagb-post__text'> \n\t\t\t\t<h3 class=\"uagb-post__title\">\n\t\t\t\t\t<a href=\"https:\/\/catedra.us.es\/catedracepsa\/2025\/03\/26\/entrega-de-los-premios-a-los-mejores-tfg-y-tfm-catedra-moeve-xii-edicion\/\" target=\"_self\" rel=\"bookmark noopener noreferrer\">Visita al Parque Energ\u00e9tico La R\u00e1bida<\/a>\n\t\t\t\t<\/h3>\n\t\t\t<\/div>\n\t\t\t\t\t\t<div class='uagb-post__text'> \n\t\t\t<div class=\"uagb-post-grid-byline\">\n\t\t\t\t\t\t\t\t<time datetime=\"2025-03-26T22:46:00+00:00\" class=\"uagb-post__date\">\n\t\t\t\t\t<span class=\"dashicons-calendar dashicons\"><\/span>\n\t\t\t\t\t26 de marzo de 2025\t\t\t\t<\/time>\n\t\t\t\t\t\t<\/div>\n\t\t\t<\/div>\n\t\t\t\t\t\t\t<div class='uagb-post__text'> \n\t\t\t\t\t<div class=\"uagb-post__excerpt\">\n\t\t\t\t\t\tLos alumnos de las asignaturas de Refino de Petr\u00f3leo del M\u00e1ster de \u2026\t\t\t\t\t<\/div>\n\t\t\t<\/div>\n\t\t\t\t\t\t\t\t<\/div>\n\t\t\t\t\t\t\t\t\t<\/article>\n\t\t\t\t\t\t\t\t<\/div>\n\t\t\t\t\t\t\t<\/div>\n\t\t\t<\/div><\/section>\n\n\n\n<section class=\"wp-block-uagb-section uagb-section__wrap uagb-section__background-undefined uagb-block-c7f02e29\"><div class=\"uagb-section__overlay\"><\/div><div class=\"uagb-section__inner-wrap\">\n<div class=\"wp-block-buttons alignwide is-content-justification-center\">\n<div class=\"wp-block-button anchoboton\"><a class=\"wp-block-button__link\" href=\"https:\/\/catedra.us.es\/catedracepsa\/noticias\/\">NOTICIAS<\/a><\/div>\n<\/div>\n<\/div><\/section>\n\n\n\n<p><\/p>\n","protected":false},"excerpt":{"rendered":"","protected":false},"author":1,"featured_media":0,"parent":0,"menu_order":0,"comment_status":"closed","ping_status":"closed","template":"","meta":[],"yoast_head":"<!-- This site is optimized with the Yoast SEO plugin v17.2 - https:\/\/yoast.com\/wordpress\/plugins\/seo\/ -->\n<title>Becas, Premios y Ayudas - Catedra Cepsa<\/title>\n<meta name=\"robots\" content=\"index, follow, max-snippet:-1, max-image-preview:large, max-video-preview:-1\" \/>\n<link rel=\"canonical\" href=\"https:\/\/catedra.us.es\/catedracepsa\/becas-premios-y-ayudas\/\" \/>\n<meta property=\"og:locale\" content=\"es_ES\" \/>\n<meta property=\"og:type\" content=\"article\" \/>\n<meta property=\"og:title\" content=\"Becas, Premios y Ayudas - Catedra Cepsa\" \/>\n<meta property=\"og:url\" content=\"https:\/\/catedra.us.es\/catedracepsa\/becas-premios-y-ayudas\/\" \/>\n<meta property=\"og:site_name\" content=\"Catedra Cepsa\" \/>\n<meta property=\"article:modified_time\" content=\"2021-07-01T05:52:15+00:00\" \/>\n<meta name=\"twitter:card\" content=\"summary_large_image\" \/>\n<meta name=\"twitter:label1\" content=\"Tiempo de lectura\" \/>\n\t<meta name=\"twitter:data1\" content=\"1 minuto\" \/>\n<script type=\"application\/ld+json\" class=\"yoast-schema-graph\">{\"@context\":\"https:\/\/schema.org\",\"@graph\":[{\"@type\":\"WebSite\",\"@id\":\"https:\/\/catedra.us.es\/catedracepsa\/#website\",\"url\":\"https:\/\/catedra.us.es\/catedracepsa\/\",\"name\":\"Catedra Cepsa\",\"description\":\"\",\"potentialAction\":[{\"@type\":\"SearchAction\",\"target\":{\"@type\":\"EntryPoint\",\"urlTemplate\":\"https:\/\/catedra.us.es\/catedracepsa\/?s={search_term_string}\"},\"query-input\":\"required name=search_term_string\"}],\"inLanguage\":\"es\"},{\"@type\":\"WebPage\",\"@id\":\"https:\/\/catedra.us.es\/catedracepsa\/becas-premios-y-ayudas\/#webpage\",\"url\":\"https:\/\/catedra.us.es\/catedracepsa\/becas-premios-y-ayudas\/\",\"name\":\"Becas, Premios y Ayudas - Catedra Cepsa\",\"isPartOf\":{\"@id\":\"https:\/\/catedra.us.es\/catedracepsa\/#website\"},\"datePublished\":\"2021-06-21T15:03:12+00:00\",\"dateModified\":\"2021-07-01T05:52:15+00:00\",\"breadcrumb\":{\"@id\":\"https:\/\/catedra.us.es\/catedracepsa\/becas-premios-y-ayudas\/#breadcrumb\"},\"inLanguage\":\"es\",\"potentialAction\":[{\"@type\":\"ReadAction\",\"target\":[\"https:\/\/catedra.us.es\/catedracepsa\/becas-premios-y-ayudas\/\"]}]},{\"@type\":\"BreadcrumbList\",\"@id\":\"https:\/\/catedra.us.es\/catedracepsa\/becas-premios-y-ayudas\/#breadcrumb\",\"itemListElement\":[{\"@type\":\"ListItem\",\"position\":1,\"name\":\"Portada\",\"item\":\"https:\/\/catedra.us.es\/catedracepsa\/\"},{\"@type\":\"ListItem\",\"position\":2,\"name\":\"Becas, Premios y Ayudas\"}]}]}<\/script>\n<!-- \/ Yoast SEO plugin. -->","yoast_head_json":{"title":"Becas, Premios y Ayudas - Catedra Cepsa","robots":{"index":"index","follow":"follow","max-snippet":"max-snippet:-1","max-image-preview":"max-image-preview:large","max-video-preview":"max-video-preview:-1"},"canonical":"https:\/\/catedra.us.es\/catedracepsa\/becas-premios-y-ayudas\/","og_locale":"es_ES","og_type":"article","og_title":"Becas, Premios y Ayudas - Catedra Cepsa","og_url":"https:\/\/catedra.us.es\/catedracepsa\/becas-premios-y-ayudas\/","og_site_name":"Catedra Cepsa","article_modified_time":"2021-07-01T05:52:15+00:00","twitter_card":"summary_large_image","twitter_misc":{"Tiempo de lectura":"1 minuto"},"schema":{"@context":"https:\/\/schema.org","@graph":[{"@type":"WebSite","@id":"https:\/\/catedra.us.es\/catedracepsa\/#website","url":"https:\/\/catedra.us.es\/catedracepsa\/","name":"Catedra Cepsa","description":"","potentialAction":[{"@type":"SearchAction","target":{"@type":"EntryPoint","urlTemplate":"https:\/\/catedra.us.es\/catedracepsa\/?s={search_term_string}"},"query-input":"required name=search_term_string"}],"inLanguage":"es"},{"@type":"WebPage","@id":"https:\/\/catedra.us.es\/catedracepsa\/becas-premios-y-ayudas\/#webpage","url":"https:\/\/catedra.us.es\/catedracepsa\/becas-premios-y-ayudas\/","name":"Becas, Premios y Ayudas - Catedra Cepsa","isPartOf":{"@id":"https:\/\/catedra.us.es\/catedracepsa\/#website"},"datePublished":"2021-06-21T15:03:12+00:00","dateModified":"2021-07-01T05:52:15+00:00","breadcrumb":{"@id":"https:\/\/catedra.us.es\/catedracepsa\/becas-premios-y-ayudas\/#breadcrumb"},"inLanguage":"es","potentialAction":[{"@type":"ReadAction","target":["https:\/\/catedra.us.es\/catedracepsa\/becas-premios-y-ayudas\/"]}]},{"@type":"BreadcrumbList","@id":"https:\/\/catedra.us.es\/catedracepsa\/becas-premios-y-ayudas\/#breadcrumb","itemListElement":[{"@type":"ListItem","position":1,"name":"Portada","item":"https:\/\/catedra.us.es\/catedracepsa\/"},{"@type":"ListItem","position":2,"name":"Becas, Premios y Ayudas"}]}]}},"uagb_featured_image_src":{"full":false,"thumbnail":false,"medium":false,"medium_large":false,"large":false,"1536x1536":false,"2048x2048":false},"uagb_author_info":{"display_name":"Master","author_link":"https:\/\/catedra.us.es\/catedracepsa\/author\/plantill\/"},"uagb_comment_info":0,"uagb_excerpt":null,"_links":{"self":[{"href":"https:\/\/catedra.us.es\/catedracepsa\/wp-json\/wp\/v2\/pages\/699"}],"collection":[{"href":"https:\/\/catedra.us.es\/catedracepsa\/wp-json\/wp\/v2\/pages"}],"about":[{"href":"https:\/\/catedra.us.es\/catedracepsa\/wp-json\/wp\/v2\/types\/page"}],"author":[{"embeddable":true,"href":"https:\/\/catedra.us.es\/catedracepsa\/wp-json\/wp\/v2\/users\/1"}],"replies":[{"embeddable":true,"href":"https:\/\/catedra.us.es\/catedracepsa\/wp-json\/wp\/v2\/comments?post=699"}],"version-history":[{"count":0,"href":"https:\/\/catedra.us.es\/catedracepsa\/wp-json\/wp\/v2\/pages\/699\/revisions"}],"wp:attachment":[{"href":"https:\/\/catedra.us.es\/catedracepsa\/wp-json\/wp\/v2\/media?parent=699"}],"curies":[{"name":"wp","href":"https:\/\/api.w.org\/{rel}","templated":true}]}}