{"id":1761,"date":"2023-02-21T10:17:42","date_gmt":"2023-02-21T10:17:42","guid":{"rendered":"http:\/\/catedra.us.es\/eemedioambiente\/?page_id=1761"},"modified":"2023-02-21T12:05:49","modified_gmt":"2023-02-21T12:05:49","slug":"investigadores-titulares","status":"publish","type":"page","link":"https:\/\/catedra.us.es\/eemedioambiente\/organizacion\/investigadores-titulares\/","title":{"rendered":"Investigadores Titulares"},"content":{"rendered":"\t\t<div data-elementor-type=\"wp-post\" data-elementor-id=\"1761\" class=\"elementor elementor-1761\">\n\t\t\t\t\t\t<div class=\"elementor-inner\">\n\t\t\t\t<div class=\"elementor-section-wrap\">\n\t\t\t\t\t\t\t\t\t<section class=\"elementor-section elementor-top-section elementor-element elementor-element-131fce2c elementor-section-boxed elementor-section-height-default elementor-section-height-default\" data-id=\"131fce2c\" data-element_type=\"section\">\n\t\t\t\t\t\t<div class=\"elementor-container elementor-column-gap-default\">\n\t\t\t\t\t\t\t<div class=\"elementor-row\">\n\t\t\t\t\t<div class=\"elementor-column elementor-col-100 elementor-top-column elementor-element elementor-element-47779014\" data-id=\"47779014\" data-element_type=\"column\">\n\t\t\t<div class=\"elementor-column-wrap elementor-element-populated\">\n\t\t\t\t\t\t\t<div class=\"elementor-widget-wrap\">\n\t\t\t\t\t\t<div class=\"elementor-element elementor-element-1ca9c98b elementor-widget elementor-widget-heading\" data-id=\"1ca9c98b\" data-element_type=\"widget\" data-widget_type=\"heading.default\">\n\t\t\t\t<div class=\"elementor-widget-container\">\n\t\t\t<h2 class=\"elementor-heading-title elementor-size-default\"><h3 style=\"margin-top: 1.154em; margin-bottom: 1.154em; font-size: 14px; color: rgb(102, 102, 102); font-family: Verdana, Arial, Helvetica, sans-serif; font-style: normal; font-variant-ligatures: normal; font-variant-caps: normal; white-space: normal;\">Direcci\u00f3n: Jos\u00e9 Manuel Cansino Mu\u00f1oz-Repiso<\/h3><\/h2>\t\t<\/div>\n\t\t\t\t<\/div>\n\t\t\t\t<section class=\"elementor-section elementor-inner-section elementor-element elementor-element-3001027a elementor-section-boxed elementor-section-height-default elementor-section-height-default\" data-id=\"3001027a\" data-element_type=\"section\">\n\t\t\t\t\t\t<div class=\"elementor-container elementor-column-gap-default\">\n\t\t\t\t\t\t\t<div class=\"elementor-row\">\n\t\t\t\t\t<div class=\"elementor-column elementor-col-50 elementor-inner-column elementor-element elementor-element-5b3946e5\" data-id=\"5b3946e5\" data-element_type=\"column\">\n\t\t\t<div class=\"elementor-column-wrap elementor-element-populated\">\n\t\t\t\t\t\t\t<div class=\"elementor-widget-wrap\">\n\t\t\t\t\t\t<div class=\"elementor-element elementor-element-1d693dfe elementor-widget elementor-widget-image\" data-id=\"1d693dfe\" data-element_type=\"widget\" data-widget_type=\"image.default\">\n\t\t\t\t<div class=\"elementor-widget-container\">\n\t\t\t\t\t\t\t\t<div class=\"elementor-image\">\n\t\t\t\t\t\t\t\t\t\t\t\t<img width=\"120\" height=\"160\" src=\"https:\/\/catedra.us.es\/eemedioambiente\/wp-content\/uploads\/2023\/02\/jmc2023.jpg\" class=\"attachment-large size-large\" alt=\"\" loading=\"lazy\" \/>\t\t\t\t\t\t\t\t\t\t\t\t\t\t<\/div>\n\t\t\t\t\t\t<\/div>\n\t\t\t\t<\/div>\n\t\t\t\t\t\t<\/div>\n\t\t\t\t\t<\/div>\n\t\t<\/div>\n\t\t\t\t<div class=\"elementor-column elementor-col-50 elementor-inner-column elementor-element elementor-element-6a16157\" data-id=\"6a16157\" data-element_type=\"column\">\n\t\t\t<div class=\"elementor-column-wrap elementor-element-populated\">\n\t\t\t\t\t\t\t<div class=\"elementor-widget-wrap\">\n\t\t\t\t\t\t<div class=\"elementor-element elementor-element-7ab326fd elementor-widget elementor-widget-text-editor\" data-id=\"7ab326fd\" data-element_type=\"widget\" data-widget_type=\"text-editor.default\">\n\t\t\t\t<div class=\"elementor-widget-container\">\n\t\t\t\t\t\t\t\t<div class=\"elementor-text-editor elementor-clearfix\">\n\t\t\t\t<p>Es doctor en Econom\u00eda y Catedr\u00e1tico de Econom\u00eda Aplicada en la Universidad de Sevilla. Sus l\u00edneas de investigaci\u00f3n son la Econom\u00eda P\u00fablica, la Evaluaci\u00f3n Econ\u00f3mica de Pol\u00edticas P\u00fablicas y la Econom\u00eda de la Energ\u00eda. Es director de la C\u00e1tedra de Econom\u00eda de la Energ\u00eda y del Medio Ambiente de la Universidad de Sevilla e investigador asociado de la Universidad Aut\u00f3noma de Chile. Algunas de sus publicaciones han aparecido en revistas como Energy Policy, Renewable and Sustainable Energy Review, Energy, Utilities Policy, Environmental Science &amp; Policy, Applied Energy, Journal of Cleaner Production o Energy Economics.<\/p><div><a href=\"https:\/\/bibliometria.us.es\/prisma\/investigador\/625\" target=\"_blank\" rel=\"noopener\">Visulalizar Curriculum Vitae<\/a><\/div><div>\u00a0<\/div>\t\t\t\t\t<\/div>\n\t\t\t\t\t\t<\/div>\n\t\t\t\t<\/div>\n\t\t\t\t\t\t<\/div>\n\t\t\t\t\t<\/div>\n\t\t<\/div>\n\t\t\t\t\t\t\t\t<\/div>\n\t\t\t\t\t<\/div>\n\t\t<\/section>\n\t\t\t\t\t\t<\/div>\n\t\t\t\t\t<\/div>\n\t\t<\/div>\n\t\t\t\t\t\t\t\t<\/div>\n\t\t\t\t\t<\/div>\n\t\t<\/section>\n\t\t\t\t<section class=\"elementor-section elementor-top-section elementor-element elementor-element-30ec6f8f elementor-section-boxed elementor-section-height-default elementor-section-height-default\" data-id=\"30ec6f8f\" data-element_type=\"section\">\n\t\t\t\t\t\t<div class=\"elementor-container elementor-column-gap-default\">\n\t\t\t\t\t\t\t<div class=\"elementor-row\">\n\t\t\t\t\t<div class=\"elementor-column elementor-col-100 elementor-top-column elementor-element elementor-element-2fbe4ad0\" data-id=\"2fbe4ad0\" data-element_type=\"column\">\n\t\t\t<div class=\"elementor-column-wrap elementor-element-populated\">\n\t\t\t\t\t\t\t<div class=\"elementor-widget-wrap\">\n\t\t\t\t\t\t<div class=\"elementor-element elementor-element-2d34e8eb elementor-widget elementor-widget-heading\" data-id=\"2d34e8eb\" data-element_type=\"widget\" data-widget_type=\"heading.default\">\n\t\t\t\t<div class=\"elementor-widget-container\">\n\t\t\t<h2 class=\"elementor-heading-title elementor-size-default\"><h3 style=\"margin-top: 1.154em; margin-bottom: 1.154em; font-size: 14px; color: rgb(102, 102, 102); font-family: Verdana, Arial, Helvetica, sans-serif; font-style: normal; font-variant-ligatures: normal; font-variant-caps: normal; white-space: normal;\">\u00c1rea en Sostenibilidad medioambiental y eficiencia energ\u00e9tica. Responsable: Roc\u00edo Y\u00f1iguez Ovando<\/h3><\/h2>\t\t<\/div>\n\t\t\t\t<\/div>\n\t\t\t\t<section class=\"elementor-section elementor-inner-section elementor-element elementor-element-2538c918 elementor-section-boxed elementor-section-height-default elementor-section-height-default\" data-id=\"2538c918\" data-element_type=\"section\">\n\t\t\t\t\t\t<div class=\"elementor-container elementor-column-gap-default\">\n\t\t\t\t\t\t\t<div class=\"elementor-row\">\n\t\t\t\t\t<div class=\"elementor-column elementor-col-50 elementor-inner-column elementor-element elementor-element-5c38f58c\" data-id=\"5c38f58c\" data-element_type=\"column\">\n\t\t\t<div class=\"elementor-column-wrap elementor-element-populated\">\n\t\t\t\t\t\t\t<div class=\"elementor-widget-wrap\">\n\t\t\t\t\t\t<div class=\"elementor-element elementor-element-28dc55dd elementor-widget elementor-widget-image\" data-id=\"28dc55dd\" data-element_type=\"widget\" data-widget_type=\"image.default\">\n\t\t\t\t<div class=\"elementor-widget-container\">\n\t\t\t\t\t\t\t\t<div class=\"elementor-image\">\n\t\t\t\t\t\t\t\t\t\t\t\t<img width=\"120\" height=\"160\" src=\"https:\/\/catedra.us.es\/eemedioambiente\/wp-content\/uploads\/2018\/02\/Rocio-Yniguez-Ovando-2.jpg\" class=\"attachment-large size-large\" alt=\"\" loading=\"lazy\" \/>\t\t\t\t\t\t\t\t\t\t\t\t\t\t<\/div>\n\t\t\t\t\t\t<\/div>\n\t\t\t\t<\/div>\n\t\t\t\t\t\t<\/div>\n\t\t\t\t\t<\/div>\n\t\t<\/div>\n\t\t\t\t<div class=\"elementor-column elementor-col-50 elementor-inner-column elementor-element elementor-element-3a6f27c\" data-id=\"3a6f27c\" data-element_type=\"column\">\n\t\t\t<div class=\"elementor-column-wrap elementor-element-populated\">\n\t\t\t\t\t\t\t<div class=\"elementor-widget-wrap\">\n\t\t\t\t\t\t<div class=\"elementor-element elementor-element-10564b28 elementor-widget elementor-widget-text-editor\" data-id=\"10564b28\" data-element_type=\"widget\" data-widget_type=\"text-editor.default\">\n\t\t\t\t<div class=\"elementor-widget-container\">\n\t\t\t\t\t\t\t\t<div class=\"elementor-text-editor elementor-clearfix\">\n\t\t\t\t<p>Doctora en Econom\u00eda por la Universidad de Sevilla y Licenciada en Derecho por la Universidad Nacional de Educaci\u00f3n a Distancia. Profesora Titular de Universidad del Departamento de An\u00e1lisis Econ\u00f3mico y Econom\u00eda Pol\u00edtica de la Facultad de Ciencias Econ\u00f3micas y Empresariales de Sevilla. Desarrolla su labor docente en el campo de la microeconom\u00eda, macroeconom\u00eda y econom\u00eda medioambiental. Autora de numerosas publicaciones repartidas en libros, cap\u00edtulos de libros, art\u00edculos en revistas y aportaciones en congresos regionales, nacionales e internacionales. Su labor en el campo de investigaci\u00f3n fue reconocida con la concesi\u00f3n del prestigioso Premio de Investigaci\u00f3n Ciudad de Sevilla 2002.En la actualidad y como miembro fundadora de la C\u00e1tedra de Econom\u00eda de la Energ\u00eda y del Medio Ambiente de la Universidad de Sevilla desarrolla su labor de investigaci\u00f3n\u00a0 en el campo de la sostenibilidad econ\u00f3mica, la econom\u00eda de la energ\u00eda y las externalidades medioambientales derivadas de la actividad econ\u00f3mica. Algunas de sus publicaciones han aparecido en revistas nacionales e internacionales como Renewable and Sustainable Energy Review o Energy policy, entre otras.<\/p><p><a href=\"https:\/\/bibliometria.us.es\/prisma\/investigador\/4396\" target=\"_blank\" rel=\"noopener\">Visualizar curriculum vitae<\/a>\u00a0<\/p>\t\t\t\t\t<\/div>\n\t\t\t\t\t\t<\/div>\n\t\t\t\t<\/div>\n\t\t\t\t\t\t<\/div>\n\t\t\t\t\t<\/div>\n\t\t<\/div>\n\t\t\t\t\t\t\t\t<\/div>\n\t\t\t\t\t<\/div>\n\t\t<\/section>\n\t\t\t\t\t\t<\/div>\n\t\t\t\t\t<\/div>\n\t\t<\/div>\n\t\t\t\t\t\t\t\t<\/div>\n\t\t\t\t\t<\/div>\n\t\t<\/section>\n\t\t\t\t<section class=\"elementor-section elementor-top-section elementor-element elementor-element-529e417 elementor-section-boxed elementor-section-height-default elementor-section-height-default\" data-id=\"529e417\" data-element_type=\"section\">\n\t\t\t\t\t\t<div class=\"elementor-container elementor-column-gap-default\">\n\t\t\t\t\t\t\t<div class=\"elementor-row\">\n\t\t\t\t\t<div class=\"elementor-column elementor-col-100 elementor-top-column elementor-element elementor-element-640a4de6\" data-id=\"640a4de6\" data-element_type=\"column\">\n\t\t\t<div class=\"elementor-column-wrap elementor-element-populated\">\n\t\t\t\t\t\t\t<div class=\"elementor-widget-wrap\">\n\t\t\t\t\t\t<div class=\"elementor-element elementor-element-550fa347 elementor-widget elementor-widget-heading\" data-id=\"550fa347\" data-element_type=\"widget\" data-widget_type=\"heading.default\">\n\t\t\t\t<div class=\"elementor-widget-container\">\n\t\t\t<h2 class=\"elementor-heading-title elementor-size-default\"><h3 style=\"margin-top: 1.154em; margin-bottom: 1.154em; font-size: 14px; color: rgb(102, 102, 102); font-family: Verdana, Arial, Helvetica, sans-serif; font-style: normal; font-variant-ligatures: normal; font-variant-caps: normal; white-space: normal;\">\u00c1rea en Econom\u00eda de la energ\u00eda y salud medioambiental. Responsable: Roc\u00edo Rom\u00e1n Collado<\/h3><\/h2>\t\t<\/div>\n\t\t\t\t<\/div>\n\t\t\t\t<section class=\"elementor-section elementor-inner-section elementor-element elementor-element-cb0682d elementor-section-boxed elementor-section-height-default elementor-section-height-default\" data-id=\"cb0682d\" data-element_type=\"section\">\n\t\t\t\t\t\t<div class=\"elementor-container elementor-column-gap-default\">\n\t\t\t\t\t\t\t<div class=\"elementor-row\">\n\t\t\t\t\t<div class=\"elementor-column elementor-col-50 elementor-inner-column elementor-element elementor-element-3c1fc4f2\" data-id=\"3c1fc4f2\" data-element_type=\"column\">\n\t\t\t<div class=\"elementor-column-wrap elementor-element-populated\">\n\t\t\t\t\t\t\t<div class=\"elementor-widget-wrap\">\n\t\t\t\t\t\t<div class=\"elementor-element elementor-element-9f95777 elementor-widget elementor-widget-image\" data-id=\"9f95777\" data-element_type=\"widget\" data-widget_type=\"image.default\">\n\t\t\t\t<div class=\"elementor-widget-container\">\n\t\t\t\t\t\t\t\t<div class=\"elementor-image\">\n\t\t\t\t\t\t\t\t\t\t\t\t<img width=\"120\" height=\"160\" src=\"https:\/\/catedra.us.es\/eemedioambiente\/wp-content\/uploads\/2018\/02\/rocio-roman.jpg\" class=\"attachment-large size-large\" alt=\"\" loading=\"lazy\" \/>\t\t\t\t\t\t\t\t\t\t\t\t\t\t<\/div>\n\t\t\t\t\t\t<\/div>\n\t\t\t\t<\/div>\n\t\t\t\t\t\t<\/div>\n\t\t\t\t\t<\/div>\n\t\t<\/div>\n\t\t\t\t<div class=\"elementor-column elementor-col-50 elementor-inner-column elementor-element elementor-element-2d32f3dc\" data-id=\"2d32f3dc\" data-element_type=\"column\">\n\t\t\t<div class=\"elementor-column-wrap elementor-element-populated\">\n\t\t\t\t\t\t\t<div class=\"elementor-widget-wrap\">\n\t\t\t\t\t\t<div class=\"elementor-element elementor-element-22814b24 elementor-widget elementor-widget-text-editor\" data-id=\"22814b24\" data-element_type=\"widget\" data-widget_type=\"text-editor.default\">\n\t\t\t\t<div class=\"elementor-widget-container\">\n\t\t\t\t\t\t\t\t<div class=\"elementor-text-editor elementor-clearfix\">\n\t\t\t\t<p>Es doctora en Econom\u00eda y Catedr\u00e1tica de Econom\u00eda Aplicada en la Universidad de Sevilla en la que imparte ense\u00f1anzas de grado y postgrado. Es uno de los miembros fundadores de la C\u00e1tedra de Econom\u00eda de la Energ\u00eda y del Medio Ambiente de la Universidad de Sevilla. Sus l\u00edneas de investigaci\u00f3n son la Historia del Pensamiento Econ\u00f3mico Espa\u00f1ol, la Evaluaci\u00f3n Econ\u00f3mica de Pol\u00edticas P\u00fablicas y la Econom\u00eda de la Energ\u00eda. Actualmente desarrolla tareas de investigaci\u00f3n en econom\u00eda de la energ\u00eda y en el impacto del medio ambiente en la salud. Algunas de sus publicaciones han aparecido en revistas nacionales e internacionales como Presupuesto y Gasto P\u00fablico, Gesti\u00f3n y An\u00e1lisis de Pol\u00edticas P\u00fablicas, Revista Valenciana de Hacienda P\u00fablica, Revista de Estudios Regionales, Econom\u00eda Agraria y Recursos Naturales, Applied Economics Letters, Energy Policy y Renewable and Sustainable Energy Review.<\/p><p><a style=\"font-variant-ligatures: normal; font-variant-caps: normal; font-family: Arial, sans-serif; font-size: 14px; font-style: normal; font-weight: 400; background-color: #ffffff; color: #81d742;\" href=\"https:\/\/bibliometria.us.es\/prisma\/investigador\/3695\" target=\"_blank\" rel=\"noopener\"><span style=\"color: #339966;\"><span style=\"color: #008000;\">Visualizar curriculum vitae <\/span><\/span><\/a><\/p>\t\t\t\t\t<\/div>\n\t\t\t\t\t\t<\/div>\n\t\t\t\t<\/div>\n\t\t\t\t\t\t<\/div>\n\t\t\t\t\t<\/div>\n\t\t<\/div>\n\t\t\t\t\t\t\t\t<\/div>\n\t\t\t\t\t<\/div>\n\t\t<\/section>\n\t\t\t\t\t\t<\/div>\n\t\t\t\t\t<\/div>\n\t\t<\/div>\n\t\t\t\t\t\t\t\t<\/div>\n\t\t\t\t\t<\/div>\n\t\t<\/section>\n\t\t\t\t<section class=\"elementor-section elementor-top-section elementor-element elementor-element-47d80623 elementor-section-boxed elementor-section-height-default elementor-section-height-default\" data-id=\"47d80623\" data-element_type=\"section\">\n\t\t\t\t\t\t<div class=\"elementor-container elementor-column-gap-default\">\n\t\t\t\t\t\t\t<div class=\"elementor-row\">\n\t\t\t\t\t<div class=\"elementor-column elementor-col-100 elementor-top-column elementor-element elementor-element-379ce96\" data-id=\"379ce96\" data-element_type=\"column\">\n\t\t\t<div class=\"elementor-column-wrap elementor-element-populated\">\n\t\t\t\t\t\t\t<div class=\"elementor-widget-wrap\">\n\t\t\t\t\t\t<div class=\"elementor-element elementor-element-189d458d elementor-widget elementor-widget-heading\" data-id=\"189d458d\" data-element_type=\"widget\" data-widget_type=\"heading.default\">\n\t\t\t\t<div class=\"elementor-widget-container\">\n\t\t\t<h3 class=\"elementor-heading-title elementor-size-default\">\u00c1rea en Energ\u00eda y crecimiento econ\u00f3mico. Responsable: Mar\u00eda Pablo-Romero Gil-Delgado<\/h3>\t\t<\/div>\n\t\t\t\t<\/div>\n\t\t\t\t<section class=\"elementor-section elementor-inner-section elementor-element elementor-element-5db5a187 elementor-section-boxed elementor-section-height-default elementor-section-height-default\" data-id=\"5db5a187\" data-element_type=\"section\">\n\t\t\t\t\t\t<div class=\"elementor-container elementor-column-gap-default\">\n\t\t\t\t\t\t\t<div class=\"elementor-row\">\n\t\t\t\t\t<div class=\"elementor-column elementor-col-50 elementor-inner-column elementor-element elementor-element-1d4d58ad\" data-id=\"1d4d58ad\" data-element_type=\"column\">\n\t\t\t<div class=\"elementor-column-wrap elementor-element-populated\">\n\t\t\t\t\t\t\t<div class=\"elementor-widget-wrap\">\n\t\t\t\t\t\t<div class=\"elementor-element elementor-element-30dd1e14 elementor-widget elementor-widget-image\" data-id=\"30dd1e14\" data-element_type=\"widget\" data-widget_type=\"image.default\">\n\t\t\t\t<div class=\"elementor-widget-container\">\n\t\t\t\t\t\t\t\t<div class=\"elementor-image\">\n\t\t\t\t\t\t\t\t\t\t\t\t<img width=\"120\" height=\"160\" src=\"https:\/\/catedra.us.es\/eemedioambiente\/wp-content\/uploads\/2018\/11\/Foto-Playa2-ajustada.jpg\" class=\"attachment-large size-large\" alt=\"\" loading=\"lazy\" \/>\t\t\t\t\t\t\t\t\t\t\t\t\t\t<\/div>\n\t\t\t\t\t\t<\/div>\n\t\t\t\t<\/div>\n\t\t\t\t\t\t<\/div>\n\t\t\t\t\t<\/div>\n\t\t<\/div>\n\t\t\t\t<div class=\"elementor-column elementor-col-50 elementor-inner-column elementor-element elementor-element-322a09fb\" data-id=\"322a09fb\" data-element_type=\"column\">\n\t\t\t<div class=\"elementor-column-wrap elementor-element-populated\">\n\t\t\t\t\t\t\t<div class=\"elementor-widget-wrap\">\n\t\t\t\t\t\t<div class=\"elementor-element elementor-element-2e42b128 elementor-widget elementor-widget-text-editor\" data-id=\"2e42b128\" data-element_type=\"widget\" data-widget_type=\"text-editor.default\">\n\t\t\t\t<div class=\"elementor-widget-container\">\n\t\t\t\t\t\t\t\t<div class=\"elementor-text-editor elementor-clearfix\">\n\t\t\t\t<p>Doctora en Econom\u00eda por la Universidad de Sevilla. Catedr\u00e1tica del Departamento de An\u00e1lisis Econ\u00f3mico y Econom\u00eda Pol\u00edtica de misma Universidad. Imparte docencia en las asignaturas de Macroeconom\u00eda din\u00e1mica y Crecimiento Econ\u00f3mico. Adem\u00e1s es Investigador Asociado de la Universidad Aut\u00f3noma de Chile. Sus principales l\u00edneas de investigaci\u00f3n son Crecimiento econ\u00f3mico, consumo de energ\u00eda, factores productivos y sector tur\u00edstico. Algunas de sus publicaciones han aparecido en revistas internacionales como Energy Economics, Energy Policy y Renewable and Sustainable Energy Review.<\/p><p><span style=\"color: #81d742;\"><span style=\"background-color: #ffffff;\"><a href=\"https:\/\/bibliometria.us.es\/prisma\/investigador\/3116\" target=\"_blank\" rel=\"noopener\">Visualizar curriculum vitae <\/a><\/span><\/span><\/p>\t\t\t\t\t<\/div>\n\t\t\t\t\t\t<\/div>\n\t\t\t\t<\/div>\n\t\t\t\t\t\t<\/div>\n\t\t\t\t\t<\/div>\n\t\t<\/div>\n\t\t\t\t\t\t\t\t<\/div>\n\t\t\t\t\t<\/div>\n\t\t<\/section>\n\t\t\t\t\t\t<\/div>\n\t\t\t\t\t<\/div>\n\t\t<\/div>\n\t\t\t\t\t\t\t\t<\/div>\n\t\t\t\t\t<\/div>\n\t\t<\/section>\n\t\t\t\t<section class=\"elementor-section elementor-top-section elementor-element elementor-element-06f2b54 elementor-section-boxed elementor-section-height-default elementor-section-height-default\" data-id=\"06f2b54\" data-element_type=\"section\">\n\t\t\t\t\t\t<div class=\"elementor-container elementor-column-gap-default\">\n\t\t\t\t\t\t\t<div class=\"elementor-row\">\n\t\t\t\t\t<div class=\"elementor-column elementor-col-100 elementor-top-column elementor-element elementor-element-5550112\" data-id=\"5550112\" data-element_type=\"column\">\n\t\t\t<div class=\"elementor-column-wrap elementor-element-populated\">\n\t\t\t\t\t\t\t<div class=\"elementor-widget-wrap\">\n\t\t\t\t\t\t<div class=\"elementor-element elementor-element-ef5ec37 elementor-widget elementor-widget-heading\" data-id=\"ef5ec37\" data-element_type=\"widget\" data-widget_type=\"heading.default\">\n\t\t\t\t<div class=\"elementor-widget-container\">\n\t\t\t<h3 class=\"elementor-heading-title elementor-size-default\">Antonio S\u00e1nchez Braza<\/h3>\t\t<\/div>\n\t\t\t\t<\/div>\n\t\t\t\t<section class=\"elementor-section elementor-inner-section elementor-element elementor-element-236fd71 elementor-section-boxed elementor-section-height-default elementor-section-height-default\" data-id=\"236fd71\" data-element_type=\"section\">\n\t\t\t\t\t\t<div class=\"elementor-container elementor-column-gap-default\">\n\t\t\t\t\t\t\t<div class=\"elementor-row\">\n\t\t\t\t\t<div class=\"elementor-column elementor-col-50 elementor-inner-column elementor-element elementor-element-f2cbb03\" data-id=\"f2cbb03\" data-element_type=\"column\">\n\t\t\t<div class=\"elementor-column-wrap elementor-element-populated\">\n\t\t\t\t\t\t\t<div class=\"elementor-widget-wrap\">\n\t\t\t\t\t\t<div class=\"elementor-element elementor-element-dbc5a30 elementor-widget elementor-widget-image\" data-id=\"dbc5a30\" data-element_type=\"widget\" data-widget_type=\"image.default\">\n\t\t\t\t<div class=\"elementor-widget-container\">\n\t\t\t\t\t\t\t\t<div class=\"elementor-image\">\n\t\t\t\t\t\t\t\t\t\t\t\t<img width=\"120\" height=\"160\" src=\"https:\/\/catedra.us.es\/eemedioambiente\/wp-content\/uploads\/2018\/02\/antonio_sanchez_braza.jpg\" class=\"attachment-large size-large\" alt=\"\" loading=\"lazy\" \/>\t\t\t\t\t\t\t\t\t\t\t\t\t\t<\/div>\n\t\t\t\t\t\t<\/div>\n\t\t\t\t<\/div>\n\t\t\t\t\t\t<\/div>\n\t\t\t\t\t<\/div>\n\t\t<\/div>\n\t\t\t\t<div class=\"elementor-column elementor-col-50 elementor-inner-column elementor-element elementor-element-97216ac\" data-id=\"97216ac\" data-element_type=\"column\">\n\t\t\t<div class=\"elementor-column-wrap elementor-element-populated\">\n\t\t\t\t\t\t\t<div class=\"elementor-widget-wrap\">\n\t\t\t\t\t\t<div class=\"elementor-element elementor-element-4353c72 elementor-widget elementor-widget-text-editor\" data-id=\"4353c72\" data-element_type=\"widget\" data-widget_type=\"text-editor.default\">\n\t\t\t\t<div class=\"elementor-widget-container\">\n\t\t\t\t\t\t\t\t<div class=\"elementor-text-editor elementor-clearfix\">\n\t\t\t\t<p>Doctor en Econom\u00eda y Catedr\u00e1tico en el Departamento de An\u00e1lisis Econ\u00f3mico y Econom\u00eda Pol\u00edtica en la Universidad de Sevilla. Desarrolla su labor docente en el campo de la Microeconom\u00eda, la Macroeconom\u00eda y la Econom\u00eda P\u00fablica. Sus l\u00edneas de investigaci\u00f3n se centran en la Econom\u00eda Medioambiental, la Econom\u00eda de la Energ\u00eda, el Crecimiento Econ\u00f3mico y la Sostenibilidad, la Evaluaci\u00f3n de Pol\u00edticas P\u00fablicas y la Econom\u00eda del Transporte, y ha publicado varios art\u00edculos cient\u00edficos en diversas revistas internacionales como Energy Economics, Renewable and Sustainable Energy Reviews, Energy Policy, Environmental Politics, Transport Policy, Energy, Journal of Cleaner Production, Land Use Policy, Applied Geography, Transportation y Journal of Water Resources Planning and Management, entre otras.<\/p><p><a href=\"https:\/\/bibliometria.us.es\/prisma\/investigador\/3880\" target=\"_blank\" rel=\"noopener\">Visualizar Curriculum vitae <\/a><\/p>\t\t\t\t\t<\/div>\n\t\t\t\t\t\t<\/div>\n\t\t\t\t<\/div>\n\t\t\t\t\t\t<\/div>\n\t\t\t\t\t<\/div>\n\t\t<\/div>\n\t\t\t\t\t\t\t\t<\/div>\n\t\t\t\t\t<\/div>\n\t\t<\/section>\n\t\t\t\t\t\t<\/div>\n\t\t\t\t\t<\/div>\n\t\t<\/div>\n\t\t\t\t\t\t\t\t<\/div>\n\t\t\t\t\t<\/div>\n\t\t<\/section>\n\t\t\t\t<section class=\"elementor-section elementor-top-section elementor-element elementor-element-3fe0843 elementor-section-boxed elementor-section-height-default elementor-section-height-default\" data-id=\"3fe0843\" data-element_type=\"section\">\n\t\t\t\t\t\t<div class=\"elementor-container elementor-column-gap-default\">\n\t\t\t\t\t\t\t<div class=\"elementor-row\">\n\t\t\t\t\t<div class=\"elementor-column elementor-col-100 elementor-top-column elementor-element elementor-element-69ee630\" data-id=\"69ee630\" data-element_type=\"column\">\n\t\t\t<div class=\"elementor-column-wrap elementor-element-populated\">\n\t\t\t\t\t\t\t<div class=\"elementor-widget-wrap\">\n\t\t\t\t\t\t<div class=\"elementor-element elementor-element-4b22feb elementor-widget elementor-widget-heading\" data-id=\"4b22feb\" data-element_type=\"widget\" data-widget_type=\"heading.default\">\n\t\t\t\t<div class=\"elementor-widget-container\">\n\t\t\t<h3 class=\"elementor-heading-title elementor-size-default\">Mar\u00eda Teresa Sanz D\u00edaz<\/h3>\t\t<\/div>\n\t\t\t\t<\/div>\n\t\t\t\t<section class=\"elementor-section elementor-inner-section elementor-element elementor-element-6b91ecd elementor-section-boxed elementor-section-height-default elementor-section-height-default\" data-id=\"6b91ecd\" data-element_type=\"section\">\n\t\t\t\t\t\t<div class=\"elementor-container elementor-column-gap-default\">\n\t\t\t\t\t\t\t<div class=\"elementor-row\">\n\t\t\t\t\t<div class=\"elementor-column elementor-col-50 elementor-inner-column elementor-element elementor-element-dacd047\" data-id=\"dacd047\" data-element_type=\"column\">\n\t\t\t<div class=\"elementor-column-wrap elementor-element-populated\">\n\t\t\t\t\t\t\t<div class=\"elementor-widget-wrap\">\n\t\t\t\t\t\t<div class=\"elementor-element elementor-element-d5bff05 elementor-widget elementor-widget-image\" data-id=\"d5bff05\" data-element_type=\"widget\" data-widget_type=\"image.default\">\n\t\t\t\t<div class=\"elementor-widget-container\">\n\t\t\t\t\t\t\t\t<div class=\"elementor-image\">\n\t\t\t\t\t\t\t\t\t\t\t\t<img width=\"120\" height=\"160\" src=\"https:\/\/catedra.us.es\/eemedioambiente\/wp-content\/uploads\/2018\/11\/foto_MTS-catedra-ajustada.jpg\" class=\"attachment-large size-large\" alt=\"\" loading=\"lazy\" \/>\t\t\t\t\t\t\t\t\t\t\t\t\t\t<\/div>\n\t\t\t\t\t\t<\/div>\n\t\t\t\t<\/div>\n\t\t\t\t\t\t<\/div>\n\t\t\t\t\t<\/div>\n\t\t<\/div>\n\t\t\t\t<div class=\"elementor-column elementor-col-50 elementor-inner-column elementor-element elementor-element-b6eb4d9\" data-id=\"b6eb4d9\" data-element_type=\"column\">\n\t\t\t<div class=\"elementor-column-wrap elementor-element-populated\">\n\t\t\t\t\t\t\t<div class=\"elementor-widget-wrap\">\n\t\t\t\t\t\t<div class=\"elementor-element elementor-element-c9364f7 elementor-widget elementor-widget-text-editor\" data-id=\"c9364f7\" data-element_type=\"widget\" data-widget_type=\"text-editor.default\">\n\t\t\t\t<div class=\"elementor-widget-container\">\n\t\t\t\t\t\t\t\t<div class=\"elementor-text-editor elementor-clearfix\">\n\t\t\t\t<div class=\"elementor-column-wrap elementor-element-populated\"><div class=\"elementor-widget-wrap ui-sortable\"><div class=\"elementor-element elementor-element-edit-mode elementor-element-433afb4 ui-sortable-handle elementor-widget elementor-widget-text-editor\" data-id=\"433afb4\" data-element_type=\"text-editor.default\" data-model-cid=\"c123\"><p>Doctora en Econom\u00eda, M\u00e1ster en Econom\u00eda y Desarrollo Territorial por la Universidad de Huelva y Master Droit, Economie, Gestion, sp\u00e9cialit\u00e9 Am\u00e9nagement du Territoire et D\u00e9veloppement Local por la Universidad de Burdeos IV. Profesora Titular del Departamento de An\u00e1lisis Econ\u00f3mico y Econom\u00eda Pol\u00edtica en la Universidad de Sevilla. Sus l\u00edneas de investigaci\u00f3n se centran en: Econom\u00eda de la Energ\u00eda, Econom\u00eda Ambiental, Historia del Pensamiento Econ\u00f3mico y Docencia universitaria. Ha participado en varios proyectos de investigaci\u00f3n, siendo el \u00faltimo: <em>Claves para Desacoplar Crecimiento y Emisiones de CO<sub>2<\/sub> en Espa\u00f1a<\/em>, del MINECO. Autora de diversas publicaciones repartidas en libros, cap\u00edtulos de libros y revistas tanto nacionales como internacionales, como Energy Policy, Utilities Policy o Computers &amp; Education.<\/p><div class=\"elementor-text-editor elementor-clearfix elementor-inline-editing\" data-elementor-setting-key=\"editor\" data-elementor-inline-editing-toolbar=\"advanced\"><p><a href=\"https:\/\/bibliometria.us.es\/prisma\/investigador\/4003\" target=\"_blank\" rel=\"noopener\">Visualizar Curriculum vitae <\/a><\/p><\/div><\/div><\/div><\/div>\t\t\t\t\t<\/div>\n\t\t\t\t\t\t<\/div>\n\t\t\t\t<\/div>\n\t\t\t\t\t\t<\/div>\n\t\t\t\t\t<\/div>\n\t\t<\/div>\n\t\t\t\t\t\t\t\t<\/div>\n\t\t\t\t\t<\/div>\n\t\t<\/section>\n\t\t\t\t\t\t<\/div>\n\t\t\t\t\t<\/div>\n\t\t<\/div>\n\t\t\t\t\t\t\t\t<\/div>\n\t\t\t\t\t<\/div>\n\t\t<\/section>\n\t\t\t\t\t\t\t\t\t<\/div>\n\t\t\t<\/div>\n\t\t\t\t\t<\/div>\n\t\t","protected":false},"excerpt":{"rendered":"<p>Direcci\u00f3n: Jos\u00e9 Manuel Cansino Mu\u00f1oz-Repiso Es doctor en Econom\u00eda y Catedr\u00e1tico de Econom\u00eda Aplicada en la Universidad de Sevilla. Sus l\u00edneas de investigaci\u00f3n son la Econom\u00eda P\u00fablica, la Evaluaci\u00f3n Econ\u00f3mica de Pol\u00edticas P\u00fablicas y la Econom\u00eda de la Energ\u00eda. Es director de la C\u00e1tedra de Econom\u00eda de la Energ\u00eda y del Medio Ambiente de la [&hellip;]<\/p>\n","protected":false},"author":2,"featured_media":0,"parent":31,"menu_order":1,"comment_status":"closed","ping_status":"closed","template":"","meta":[],"_links":{"self":[{"href":"https:\/\/catedra.us.es\/eemedioambiente\/wp-json\/wp\/v2\/pages\/1761"}],"collection":[{"href":"https:\/\/catedra.us.es\/eemedioambiente\/wp-json\/wp\/v2\/pages"}],"about":[{"href":"https:\/\/catedra.us.es\/eemedioambiente\/wp-json\/wp\/v2\/types\/page"}],"author":[{"embeddable":true,"href":"https:\/\/catedra.us.es\/eemedioambiente\/wp-json\/wp\/v2\/users\/2"}],"replies":[{"embeddable":true,"href":"https:\/\/catedra.us.es\/eemedioambiente\/wp-json\/wp\/v2\/comments?post=1761"}],"version-history":[{"count":5,"href":"https:\/\/catedra.us.es\/eemedioambiente\/wp-json\/wp\/v2\/pages\/1761\/revisions"}],"predecessor-version":[{"id":1803,"href":"https:\/\/catedra.us.es\/eemedioambiente\/wp-json\/wp\/v2\/pages\/1761\/revisions\/1803"}],"up":[{"embeddable":true,"href":"https:\/\/catedra.us.es\/eemedioambiente\/wp-json\/wp\/v2\/pages\/31"}],"wp:attachment":[{"href":"https:\/\/catedra.us.es\/eemedioambiente\/wp-json\/wp\/v2\/media?parent=1761"}],"curies":[{"name":"wp","href":"https:\/\/api.w.org\/{rel}","templated":true}]}}