{"id":2207,"date":"2023-03-14T13:09:17","date_gmt":"2023-03-14T13:09:17","guid":{"rendered":"http:\/\/catedra.us.es\/eemedioambiente\/?page_id=2207"},"modified":"2023-03-14T13:12:40","modified_gmt":"2023-03-14T13:12:40","slug":"victor-dugo","status":"publish","type":"page","link":"https:\/\/catedra.us.es\/eemedioambiente\/investigadores\/victor-dugo\/","title":{"rendered":"V\u00edctor Dugo"},"content":{"rendered":"\t\t<div data-elementor-type=\"wp-post\" data-elementor-id=\"2207\" class=\"elementor elementor-2207\">\n\t\t\t\t\t\t<div class=\"elementor-inner\">\n\t\t\t\t<div class=\"elementor-section-wrap\">\n\t\t\t\t\t\t\t\t\t<section class=\"elementor-section elementor-top-section elementor-element elementor-element-c308404 elementor-section-boxed elementor-section-height-default elementor-section-height-default\" data-id=\"c308404\" data-element_type=\"section\">\n\t\t\t\t\t\t<div class=\"elementor-container elementor-column-gap-default\">\n\t\t\t\t\t\t\t<div class=\"elementor-row\">\n\t\t\t\t\t<div class=\"elementor-column elementor-col-100 elementor-top-column elementor-element elementor-element-30a1092c\" data-id=\"30a1092c\" data-element_type=\"column\">\n\t\t\t<div class=\"elementor-column-wrap elementor-element-populated\">\n\t\t\t\t\t\t\t<div class=\"elementor-widget-wrap\">\n\t\t\t\t\t\t<section class=\"elementor-section elementor-inner-section elementor-element elementor-element-6f09c7d elementor-section-boxed elementor-section-height-default elementor-section-height-default\" data-id=\"6f09c7d\" data-element_type=\"section\">\n\t\t\t\t\t\t<div class=\"elementor-container elementor-column-gap-default\">\n\t\t\t\t\t\t\t<div class=\"elementor-row\">\n\t\t\t\t\t<div class=\"elementor-column elementor-col-50 elementor-inner-column elementor-element elementor-element-5aa3069c\" data-id=\"5aa3069c\" data-element_type=\"column\">\n\t\t\t<div class=\"elementor-column-wrap elementor-element-populated\">\n\t\t\t\t\t\t\t<div class=\"elementor-widget-wrap\">\n\t\t\t\t\t\t<div class=\"elementor-element elementor-element-41ecdd69 elementor-widget elementor-widget-text-editor\" data-id=\"41ecdd69\" data-element_type=\"widget\" data-widget_type=\"text-editor.default\">\n\t\t\t\t<div class=\"elementor-widget-container\">\n\t\t\t\t\t\t\t\t<div class=\"elementor-text-editor elementor-clearfix\">\n\t\t\t\t<p>Investigador<\/p>\t\t\t\t\t<\/div>\n\t\t\t\t\t\t<\/div>\n\t\t\t\t<\/div>\n\t\t\t\t<div class=\"elementor-element elementor-element-5fb795a3 elementor-widget elementor-widget-heading\" data-id=\"5fb795a3\" data-element_type=\"widget\" data-widget_type=\"heading.default\">\n\t\t\t\t<div class=\"elementor-widget-container\">\n\t\t\t<h1 class=\"elementor-heading-title elementor-size-default\">V\u00edctor Jes\u00fas Dugo<\/h1>\t\t<\/div>\n\t\t\t\t<\/div>\n\t\t\t\t<div class=\"elementor-element elementor-element-ab13b73 elementor-widget elementor-widget-text-editor\" data-id=\"ab13b73\" data-element_type=\"widget\" data-widget_type=\"text-editor.default\">\n\t\t\t\t<div class=\"elementor-widget-container\">\n\t\t\t\t\t\t\t\t<div class=\"elementor-text-editor elementor-clearfix\">\n\t\t\t\t<p>Departamento de An\u00e1lisis Econ\u00f3mico y Econom\u00eda Pol\u00edtica. Facultad de Ciencias Econ\u00f3micas y Empresariales. Universidad de Sevilla.<\/p>\t\t\t\t\t<\/div>\n\t\t\t\t\t\t<\/div>\n\t\t\t\t<\/div>\n\t\t\t\t\t\t<\/div>\n\t\t\t\t\t<\/div>\n\t\t<\/div>\n\t\t\t\t<div class=\"elementor-column elementor-col-50 elementor-inner-column elementor-element elementor-element-5df90c2a\" data-id=\"5df90c2a\" data-element_type=\"column\">\n\t\t\t<div class=\"elementor-column-wrap elementor-element-populated\">\n\t\t\t\t\t\t\t<div class=\"elementor-widget-wrap\">\n\t\t\t\t\t\t<div class=\"elementor-element elementor-element-7ff61ebc elementor-widget elementor-widget-image\" data-id=\"7ff61ebc\" data-element_type=\"widget\" data-widget_type=\"image.default\">\n\t\t\t\t<div class=\"elementor-widget-container\">\n\t\t\t\t\t\t\t\t<div class=\"elementor-image\">\n\t\t\t\t\t\t\t\t\t<figure class=\"wp-caption\">\n\t\t\t\t\t\t\t\t\t\t<img width=\"103\" height=\"160\" src=\"https:\/\/catedra.us.es\/eemedioambiente\/wp-content\/uploads\/2023\/03\/webVictor_Dugo_-FotoDpto.jpg\" class=\"attachment-large size-large\" alt=\"\" loading=\"lazy\" \/>\t\t\t\t\t\t\t\t\t\t\t<figcaption class=\"widget-image-caption wp-caption-text\">Direcci\u00f3n Email: vdugo@us.es<\/figcaption>\n\t\t\t\t\t\t\t\t\t\t<\/figure>\n\t\t\t\t\t\t\t\t<\/div>\n\t\t\t\t\t\t<\/div>\n\t\t\t\t<\/div>\n\t\t\t\t\t\t<\/div>\n\t\t\t\t\t<\/div>\n\t\t<\/div>\n\t\t\t\t\t\t\t\t<\/div>\n\t\t\t\t\t<\/div>\n\t\t<\/section>\n\t\t\t\t<div class=\"elementor-element elementor-element-7eb5f99 elementor-widget elementor-widget-text-editor\" data-id=\"7eb5f99\" data-element_type=\"widget\" data-widget_type=\"text-editor.default\">\n\t\t\t\t<div class=\"elementor-widget-container\">\n\t\t\t\t\t\t\t\t<div class=\"elementor-text-editor elementor-clearfix\">\n\t\t\t\t<p><strong><a href=\"https:\/\/bibliometria.us.es\/prisma\/investigador\/6893\" target=\"_blank\" rel=\"noopener\">P\u00e1gina personal<\/a><\/strong><\/p>\t\t\t\t\t<\/div>\n\t\t\t\t\t\t<\/div>\n\t\t\t\t<\/div>\n\t\t\t\t<div class=\"elementor-element elementor-element-1b430b4 elementor-widget elementor-widget-text-editor\" data-id=\"1b430b4\" data-element_type=\"widget\" data-widget_type=\"text-editor.default\">\n\t\t\t\t<div class=\"elementor-widget-container\">\n\t\t\t\t\t\t\t\t<div class=\"elementor-text-editor elementor-clearfix\">\n\t\t\t\t<p><span style=\"text-decoration: underline;\"><strong>Temas de Inter\u00e9s<\/strong><\/span><\/p><ul><li>Econometric energy models<\/li><li>Energy economics<\/li><li>Sustainable energy development<\/li><li>Behavioural economics<\/li><\/ul>\t\t\t\t\t<\/div>\n\t\t\t\t\t\t<\/div>\n\t\t\t\t<\/div>\n\t\t\t\t\t\t<\/div>\n\t\t\t\t\t<\/div>\n\t\t<\/div>\n\t\t\t\t\t\t\t\t<\/div>\n\t\t\t\t\t<\/div>\n\t\t<\/section>\n\t\t\t\t\t\t\t\t\t<\/div>\n\t\t\t<\/div>\n\t\t\t\t\t<\/div>\n\t\t","protected":false},"excerpt":{"rendered":"<p>Investigador V\u00edctor Jes\u00fas Dugo Departamento de An\u00e1lisis Econ\u00f3mico y Econom\u00eda Pol\u00edtica. Facultad de Ciencias Econ\u00f3micas y Empresariales. Universidad de Sevilla. Direcci\u00f3n Email: vdugo@us.es P\u00e1gina personal Temas de Inter\u00e9s Econometric energy models Energy economics Sustainable energy development Behavioural economics<\/p>\n","protected":false},"author":2,"featured_media":0,"parent":1816,"menu_order":1,"comment_status":"closed","ping_status":"closed","template":"","meta":[],"_links":{"self":[{"href":"https:\/\/catedra.us.es\/eemedioambiente\/wp-json\/wp\/v2\/pages\/2207"}],"collection":[{"href":"https:\/\/catedra.us.es\/eemedioambiente\/wp-json\/wp\/v2\/pages"}],"about":[{"href":"https:\/\/catedra.us.es\/eemedioambiente\/wp-json\/wp\/v2\/types\/page"}],"author":[{"embeddable":true,"href":"https:\/\/catedra.us.es\/eemedioambiente\/wp-json\/wp\/v2\/users\/2"}],"replies":[{"embeddable":true,"href":"https:\/\/catedra.us.es\/eemedioambiente\/wp-json\/wp\/v2\/comments?post=2207"}],"version-history":[{"count":7,"href":"https:\/\/catedra.us.es\/eemedioambiente\/wp-json\/wp\/v2\/pages\/2207\/revisions"}],"predecessor-version":[{"id":2214,"href":"https:\/\/catedra.us.es\/eemedioambiente\/wp-json\/wp\/v2\/pages\/2207\/revisions\/2214"}],"up":[{"embeddable":true,"href":"https:\/\/catedra.us.es\/eemedioambiente\/wp-json\/wp\/v2\/pages\/1816"}],"wp:attachment":[{"href":"https:\/\/catedra.us.es\/eemedioambiente\/wp-json\/wp\/v2\/media?parent=2207"}],"curies":[{"name":"wp","href":"https:\/\/api.w.org\/{rel}","templated":true}]}}