{"id":2218,"date":"2023-03-14T13:15:39","date_gmt":"2023-03-14T13:15:39","guid":{"rendered":"http:\/\/catedra.us.es\/eemedioambiente\/?page_id=2218"},"modified":"2024-02-09T09:28:11","modified_gmt":"2024-02-09T09:28:11","slug":"jesus-marquina","status":"publish","type":"page","link":"https:\/\/catedra.us.es\/eemedioambiente\/investigadores\/jesus-marquina\/","title":{"rendered":"Jes\u00fas Marquina"},"content":{"rendered":"<p>Investigador<\/p>\n<h1>Jes\u00fas Marquina<\/h1>\n<p>Departamento de An\u00e1lisis Econ\u00f3mico y Econom\u00eda Pol\u00edtica. Facultad de Ciencias Econ\u00f3micas y Empresariales. Universidad de Sevilla.<\/p>\n<figure><img loading=\"lazy\" src=\"http:\/\/catedra.us.es\/eemedioambiente\/wp-content\/uploads\/2021\/12\/Marquina-de-la-Ossa-Jes\u00fas-Foto.jpg\" sizes=\"(max-width: 592px) 100vw, 592px\" srcset=\"http:\/\/catedra.us.es\/eemedioambiente\/wp-content\/uploads\/2021\/12\/Marquina-de-la-Ossa-Jes\u00fas-Foto.jpg 592w, http:\/\/catedra.us.es\/eemedioambiente\/wp-content\/uploads\/2021\/12\/Marquina-de-la-Ossa-Jes\u00fas-Foto-238x300.jpg 238w\" alt=\"\" width=\"592\" height=\"746\" \/><figcaption>Direcci\u00f3n Email:\u00a0<a href=\"mailto:jesusmo@euosuna.org\" target=\"_blank\" rel=\"noopener\">jesusmo@euosuna.org<\/a><\/figcaption><\/figure>\n<p><strong><a href=\"https:\/\/es.linkedin.com\/in\/jes%C3%BAs-marquina-de-la-ossa-8a3626129\" target=\"_blank\" rel=\"noopener\">P\u00e1gina personal<\/a><\/strong><\/p>\n<p><strong>Temas de Inter\u00e9s<\/strong><\/p>\n<ul>\n<li>Energ\u00eda<\/li>\n<li>Medioambiente<\/li>\n<li>Biomasa<\/li>\n<li>Olivar<\/li>\n<li>Agricultura<\/li>\n<\/ul>\n","protected":false},"excerpt":{"rendered":"<p>Investigador Jes\u00fas Marquina Departamento de An\u00e1lisis Econ\u00f3mico y Econom\u00eda Pol\u00edtica. Facultad de Ciencias Econ\u00f3micas y Empresariales. Universidad de Sevilla. Direcci\u00f3n Email:\u00a0jesusmo@euosuna.org P\u00e1gina personal Temas de Inter\u00e9s Energ\u00eda Medioambiente Biomasa Olivar Agricultura<\/p>\n","protected":false},"author":2,"featured_media":0,"parent":1816,"menu_order":1,"comment_status":"closed","ping_status":"closed","template":"","meta":[],"_links":{"self":[{"href":"https:\/\/catedra.us.es\/eemedioambiente\/wp-json\/wp\/v2\/pages\/2218"}],"collection":[{"href":"https:\/\/catedra.us.es\/eemedioambiente\/wp-json\/wp\/v2\/pages"}],"about":[{"href":"https:\/\/catedra.us.es\/eemedioambiente\/wp-json\/wp\/v2\/types\/page"}],"author":[{"embeddable":true,"href":"https:\/\/catedra.us.es\/eemedioambiente\/wp-json\/wp\/v2\/users\/2"}],"replies":[{"embeddable":true,"href":"https:\/\/catedra.us.es\/eemedioambiente\/wp-json\/wp\/v2\/comments?post=2218"}],"version-history":[{"count":12,"href":"https:\/\/catedra.us.es\/eemedioambiente\/wp-json\/wp\/v2\/pages\/2218\/revisions"}],"predecessor-version":[{"id":2838,"href":"https:\/\/catedra.us.es\/eemedioambiente\/wp-json\/wp\/v2\/pages\/2218\/revisions\/2838"}],"up":[{"embeddable":true,"href":"https:\/\/catedra.us.es\/eemedioambiente\/wp-json\/wp\/v2\/pages\/1816"}],"wp:attachment":[{"href":"https:\/\/catedra.us.es\/eemedioambiente\/wp-json\/wp\/v2\/media?parent=2218"}],"curies":[{"name":"wp","href":"https:\/\/api.w.org\/{rel}","templated":true}]}}