{"id":35,"date":"2018-02-22T18:21:56","date_gmt":"2018-02-22T18:21:56","guid":{"rendered":"http:\/\/www.arttium.com\/ruben\/?page_id=35"},"modified":"2023-02-21T11:48:59","modified_gmt":"2023-02-21T11:48:59","slug":"otros-investigadores-colaboradores","status":"publish","type":"page","link":"https:\/\/catedra.us.es\/eemedioambiente\/organizacion\/otros-investigadores-colaboradores\/","title":{"rendered":"Otros Investigadores colaboradores"},"content":{"rendered":"\t\t<div data-elementor-type=\"wp-post\" data-elementor-id=\"35\" class=\"elementor elementor-35\">\n\t\t\t\t\t\t<div class=\"elementor-inner\">\n\t\t\t\t<div class=\"elementor-section-wrap\">\n\t\t\t\t\t\t\t\t\t<section class=\"elementor-section elementor-top-section elementor-element elementor-element-51d8727 elementor-section-boxed elementor-section-height-default elementor-section-height-default\" data-id=\"51d8727\" data-element_type=\"section\">\n\t\t\t\t\t\t<div class=\"elementor-container elementor-column-gap-default\">\n\t\t\t\t\t\t\t<div class=\"elementor-row\">\n\t\t\t\t\t<div class=\"elementor-column elementor-col-100 elementor-top-column elementor-element elementor-element-5729fd9\" data-id=\"5729fd9\" data-element_type=\"column\">\n\t\t\t<div class=\"elementor-column-wrap elementor-element-populated\">\n\t\t\t\t\t\t\t<div class=\"elementor-widget-wrap\">\n\t\t\t\t\t\t<div class=\"elementor-element elementor-element-56e4339 elementor-widget elementor-widget-heading\" data-id=\"56e4339\" data-element_type=\"widget\" data-widget_type=\"heading.default\">\n\t\t\t\t<div class=\"elementor-widget-container\">\n\t\t\t<h2 class=\"elementor-heading-title elementor-size-default\">Manuel Alejandro Cardenete Flores<\/h2>\t\t<\/div>\n\t\t\t\t<\/div>\n\t\t\t\t<section class=\"elementor-section elementor-inner-section elementor-element elementor-element-b8a2b57 elementor-section-boxed elementor-section-height-default elementor-section-height-default\" data-id=\"b8a2b57\" data-element_type=\"section\">\n\t\t\t\t\t\t<div class=\"elementor-container elementor-column-gap-default\">\n\t\t\t\t\t\t\t<div class=\"elementor-row\">\n\t\t\t\t\t<div class=\"elementor-column elementor-col-50 elementor-inner-column elementor-element elementor-element-9bf0c8e\" data-id=\"9bf0c8e\" data-element_type=\"column\">\n\t\t\t<div class=\"elementor-column-wrap elementor-element-populated\">\n\t\t\t\t\t\t\t<div class=\"elementor-widget-wrap\">\n\t\t\t\t\t\t<div class=\"elementor-element elementor-element-2ed9b21 elementor-widget elementor-widget-image\" data-id=\"2ed9b21\" data-element_type=\"widget\" data-widget_type=\"image.default\">\n\t\t\t\t<div class=\"elementor-widget-container\">\n\t\t\t\t\t\t\t\t<div class=\"elementor-image\">\n\t\t\t\t\t\t\t\t\t\t\t\t<img width=\"120\" height=\"160\" src=\"https:\/\/catedra.us.es\/eemedioambiente\/wp-content\/uploads\/2018\/02\/manuel_alejandro_cardenete.jpg\" class=\"attachment-large size-large\" alt=\"\" loading=\"lazy\" \/>\t\t\t\t\t\t\t\t\t\t\t\t\t\t<\/div>\n\t\t\t\t\t\t<\/div>\n\t\t\t\t<\/div>\n\t\t\t\t\t\t<\/div>\n\t\t\t\t\t<\/div>\n\t\t<\/div>\n\t\t\t\t<div class=\"elementor-column elementor-col-50 elementor-inner-column elementor-element elementor-element-ced96af\" data-id=\"ced96af\" data-element_type=\"column\">\n\t\t\t<div class=\"elementor-column-wrap elementor-element-populated\">\n\t\t\t\t\t\t\t<div class=\"elementor-widget-wrap\">\n\t\t\t\t\t\t<div class=\"elementor-element elementor-element-88bea6d elementor-widget elementor-widget-text-editor\" data-id=\"88bea6d\" data-element_type=\"widget\" data-widget_type=\"text-editor.default\">\n\t\t\t\t<div class=\"elementor-widget-container\">\n\t\t\t\t\t\t\t\t<div class=\"elementor-text-editor elementor-clearfix\">\n\t\t\t\t<div>Ha sido Visiting Research Scholar del Regional Economics Applications Laboratory -REAL- de la Universidad de Illinois at Urbana-Champaign (EEUU) en 2002 y de la Universitat Aut\u00f2noma de Barcelona (Espa\u00f1a) en 1998. Es Investigador Asociado a EUREAL (European Union Regional Economics Applications Laboratory) y GReCS (Grupo de Investigaci\u00f3n en Computaci\u00f3n y Simulaciones) de la Universitat Aut\u00f2noma de Barcelona (Espa\u00f1a).<\/div><div>Sus l\u00edneas de investigaci\u00f3n son Modelos Input-Output Models, Modelos SAM y Modelos de Equilibrio General Aplicados a nivel Nacional y Regional.<\/div>\t\t\t\t\t<\/div>\n\t\t\t\t\t\t<\/div>\n\t\t\t\t<\/div>\n\t\t\t\t\t\t<\/div>\n\t\t\t\t\t<\/div>\n\t\t<\/div>\n\t\t\t\t\t\t\t\t<\/div>\n\t\t\t\t\t<\/div>\n\t\t<\/section>\n\t\t\t\t\t\t<\/div>\n\t\t\t\t\t<\/div>\n\t\t<\/div>\n\t\t\t\t\t\t\t\t<\/div>\n\t\t\t\t\t<\/div>\n\t\t<\/section>\n\t\t\t\t<section class=\"elementor-section elementor-top-section elementor-element elementor-element-132f32a elementor-section-boxed elementor-section-height-default elementor-section-height-default\" data-id=\"132f32a\" data-element_type=\"section\">\n\t\t\t\t\t\t<div class=\"elementor-container elementor-column-gap-default\">\n\t\t\t\t\t\t\t<div class=\"elementor-row\">\n\t\t\t\t\t<div class=\"elementor-column elementor-col-100 elementor-top-column elementor-element elementor-element-1c1f02a\" data-id=\"1c1f02a\" data-element_type=\"column\">\n\t\t\t<div class=\"elementor-column-wrap elementor-element-populated\">\n\t\t\t\t\t\t\t<div class=\"elementor-widget-wrap\">\n\t\t\t\t\t\t<div class=\"elementor-element elementor-element-85c08f8 elementor-widget elementor-widget-heading\" data-id=\"85c08f8\" data-element_type=\"widget\" data-widget_type=\"heading.default\">\n\t\t\t\t<div class=\"elementor-widget-container\">\n\t\t\t<h2 class=\"elementor-heading-title elementor-size-default\"> Manuel Ord\u00f3\u00f1ez R\u00edos<\/h2>\t\t<\/div>\n\t\t\t\t<\/div>\n\t\t\t\t<section class=\"elementor-section elementor-inner-section elementor-element elementor-element-abfbd26 elementor-section-boxed elementor-section-height-default elementor-section-height-default\" data-id=\"abfbd26\" data-element_type=\"section\">\n\t\t\t\t\t\t<div class=\"elementor-container elementor-column-gap-default\">\n\t\t\t\t\t\t\t<div class=\"elementor-row\">\n\t\t\t\t\t<div class=\"elementor-column elementor-col-50 elementor-inner-column elementor-element elementor-element-e703399\" data-id=\"e703399\" data-element_type=\"column\">\n\t\t\t<div class=\"elementor-column-wrap elementor-element-populated\">\n\t\t\t\t\t\t\t<div class=\"elementor-widget-wrap\">\n\t\t\t\t\t\t<div class=\"elementor-element elementor-element-1f7226a elementor-widget elementor-widget-image\" data-id=\"1f7226a\" data-element_type=\"widget\" data-widget_type=\"image.default\">\n\t\t\t\t<div class=\"elementor-widget-container\">\n\t\t\t\t\t\t\t\t<div class=\"elementor-image\">\n\t\t\t\t\t\t\t\t\t\t\t\t<img width=\"120\" height=\"160\" src=\"https:\/\/catedra.us.es\/eemedioambiente\/wp-content\/uploads\/2018\/02\/manuel_ordonez_rios.jpg\" class=\"attachment-large size-large\" alt=\"\" loading=\"lazy\" \/>\t\t\t\t\t\t\t\t\t\t\t\t\t\t<\/div>\n\t\t\t\t\t\t<\/div>\n\t\t\t\t<\/div>\n\t\t\t\t\t\t<\/div>\n\t\t\t\t\t<\/div>\n\t\t<\/div>\n\t\t\t\t<div class=\"elementor-column elementor-col-50 elementor-inner-column elementor-element elementor-element-7f7dbd0\" data-id=\"7f7dbd0\" data-element_type=\"column\">\n\t\t\t<div class=\"elementor-column-wrap elementor-element-populated\">\n\t\t\t\t\t\t\t<div class=\"elementor-widget-wrap\">\n\t\t\t\t\t\t<div class=\"elementor-element elementor-element-c0fb854 elementor-widget elementor-widget-text-editor\" data-id=\"c0fb854\" data-element_type=\"widget\" data-widget_type=\"text-editor.default\">\n\t\t\t\t<div class=\"elementor-widget-container\">\n\t\t\t\t\t\t\t\t<div class=\"elementor-text-editor elementor-clearfix\">\n\t\t\t\t<p>Doctor en Econom\u00eda por la Universidad de Sevilla. M\u00e1ster en Econom\u00eda y Evaluaci\u00f3n del Bienestar. Licenciado en Administraci\u00f3n y Direcci\u00f3n de Empresas y en Biolog\u00eda. Profesor del departamento de An\u00e1lisis Econ\u00f3mico y Econom\u00eda Pol\u00edtica y en el Instituto de Educaci\u00f3n Secundaria Fernando de Herrera (Sevilla). Sus art\u00edculos m\u00e1s recientes han sido publicados en Econom\u00eda Agraria y Recursos Naturales y en Investigaciones Regionales.<\/p><p><a href=\"http:\/\/catedra.us.es\/eemedioambiente\/wp-content\/uploads\/2018\/03\/m-ordonez.pdf\">Visualizar Curriculum vitae ( PDF)<\/a><\/p>\t\t\t\t\t<\/div>\n\t\t\t\t\t\t<\/div>\n\t\t\t\t<\/div>\n\t\t\t\t\t\t<\/div>\n\t\t\t\t\t<\/div>\n\t\t<\/div>\n\t\t\t\t\t\t\t\t<\/div>\n\t\t\t\t\t<\/div>\n\t\t<\/section>\n\t\t\t\t\t\t<\/div>\n\t\t\t\t\t<\/div>\n\t\t<\/div>\n\t\t\t\t\t\t\t\t<\/div>\n\t\t\t\t\t<\/div>\n\t\t<\/section>\n\t\t\t\t<section class=\"elementor-section elementor-top-section elementor-element elementor-element-aac41c1 elementor-section-boxed elementor-section-height-default elementor-section-height-default\" data-id=\"aac41c1\" data-element_type=\"section\">\n\t\t\t\t\t\t<div class=\"elementor-container elementor-column-gap-default\">\n\t\t\t\t\t\t\t<div class=\"elementor-row\">\n\t\t\t\t\t<div class=\"elementor-column elementor-col-100 elementor-top-column elementor-element elementor-element-8b2363d\" data-id=\"8b2363d\" data-element_type=\"column\">\n\t\t\t<div class=\"elementor-column-wrap elementor-element-populated\">\n\t\t\t\t\t\t\t<div class=\"elementor-widget-wrap\">\n\t\t\t\t\t\t<div class=\"elementor-element elementor-element-78a2287 elementor-widget elementor-widget-heading\" data-id=\"78a2287\" data-element_type=\"widget\" data-widget_type=\"heading.default\">\n\t\t\t\t<div class=\"elementor-widget-container\">\n\t\t\t<h2 class=\"elementor-heading-title elementor-size-default\">Jos\u00e9 Manuel Gonz\u00e1lez Lim\u00f3n<\/h2>\t\t<\/div>\n\t\t\t\t<\/div>\n\t\t\t\t<section class=\"elementor-section elementor-inner-section elementor-element elementor-element-42a54d6 elementor-section-boxed elementor-section-height-default elementor-section-height-default\" data-id=\"42a54d6\" data-element_type=\"section\">\n\t\t\t\t\t\t<div class=\"elementor-container elementor-column-gap-default\">\n\t\t\t\t\t\t\t<div class=\"elementor-row\">\n\t\t\t\t\t<div class=\"elementor-column elementor-col-50 elementor-inner-column elementor-element elementor-element-8237a17\" data-id=\"8237a17\" data-element_type=\"column\">\n\t\t\t<div class=\"elementor-column-wrap elementor-element-populated\">\n\t\t\t\t\t\t\t<div class=\"elementor-widget-wrap\">\n\t\t\t\t\t\t<div class=\"elementor-element elementor-element-a69140c elementor-widget elementor-widget-image\" data-id=\"a69140c\" data-element_type=\"widget\" data-widget_type=\"image.default\">\n\t\t\t\t<div class=\"elementor-widget-container\">\n\t\t\t\t\t\t\t\t<div class=\"elementor-image\">\n\t\t\t\t\t\t\t\t\t\t\t\t<img width=\"120\" height=\"160\" src=\"https:\/\/catedra.us.es\/eemedioambiente\/wp-content\/uploads\/2018\/02\/Jose-Manuel-Gonzalez-Limon.jpg\" class=\"attachment-large size-large\" alt=\"\" loading=\"lazy\" \/>\t\t\t\t\t\t\t\t\t\t\t\t\t\t<\/div>\n\t\t\t\t\t\t<\/div>\n\t\t\t\t<\/div>\n\t\t\t\t\t\t<\/div>\n\t\t\t\t\t<\/div>\n\t\t<\/div>\n\t\t\t\t<div class=\"elementor-column elementor-col-50 elementor-inner-column elementor-element elementor-element-fb07ffb\" data-id=\"fb07ffb\" data-element_type=\"column\">\n\t\t\t<div class=\"elementor-column-wrap elementor-element-populated\">\n\t\t\t\t\t\t\t<div class=\"elementor-widget-wrap\">\n\t\t\t\t\t\t<div class=\"elementor-element elementor-element-db9d0f0 elementor-widget elementor-widget-text-editor\" data-id=\"db9d0f0\" data-element_type=\"widget\" data-widget_type=\"text-editor.default\">\n\t\t\t\t<div class=\"elementor-widget-container\">\n\t\t\t\t\t\t\t\t<div class=\"elementor-text-editor elementor-clearfix\">\n\t\t\t\t<p style=\"font-weight: 400;\">Doctor en Econom\u00eda, Master en Medio Ambiente por la Universidad de Sevilla y Profesor Titular de Escuela Universitaria del departamento de An\u00e1lisis Econ\u00f3mico y Econom\u00eda Pol\u00edtica en la Universidad de Sevilla. Sus l\u00edneas de investigaci\u00f3n se centran en: Evaluaci\u00f3n Econ\u00f3mica de Pol\u00edticas P\u00fablicas, Econom\u00eda de la Energ\u00eda, Econom\u00eda Ambiental y Desarrollo sostenible, as\u00ed como Econom\u00eda del Crecimiento. Es miembro fundador de la C\u00e1tedra de Econom\u00eda de la Energ\u00eda y del Medio Ambiente de la Universidad de Sevilla. Ha participado en Proyectos de Investigaci\u00f3n como Do\u00f1ana 2005, Desarrollo Sostenible del Corredor Verde del Guadiamar, Impacto Econ\u00f3mico Socio-econ\u00f3mico de las Energ\u00edas Renovables en Andaluc\u00eda y Relaciones Laborales en Rio Tinto. Autor de numerosas publicaciones repartidas en libros, cap\u00edtulos de libros, as\u00ed como algunas de sus publicaciones han aparecido en revistas nacionales e internacionales como Energy Policy, Renewable &amp; Sustainable Energy Reviews o Annals of Regional Sciences.<\/p><p><a href=\"http:\/\/catedra.us.es\/eemedioambiente\/wp-content\/uploads\/2018\/02\/jm-gonzalez-limon.pdf\">Visualizar Curriculum Vitae (PDF)<\/a><\/p>\t\t\t\t\t<\/div>\n\t\t\t\t\t\t<\/div>\n\t\t\t\t<\/div>\n\t\t\t\t\t\t<\/div>\n\t\t\t\t\t<\/div>\n\t\t<\/div>\n\t\t\t\t\t\t\t\t<\/div>\n\t\t\t\t\t<\/div>\n\t\t<\/section>\n\t\t\t\t\t\t<\/div>\n\t\t\t\t\t<\/div>\n\t\t<\/div>\n\t\t\t\t\t\t\t\t<\/div>\n\t\t\t\t\t<\/div>\n\t\t<\/section>\n\t\t\t\t<section class=\"elementor-section elementor-top-section elementor-element elementor-element-95b96bb elementor-section-boxed elementor-section-height-default elementor-section-height-default\" data-id=\"95b96bb\" data-element_type=\"section\">\n\t\t\t\t\t\t<div class=\"elementor-container elementor-column-gap-default\">\n\t\t\t\t\t\t\t<div class=\"elementor-row\">\n\t\t\t\t\t<div class=\"elementor-column elementor-col-100 elementor-top-column elementor-element elementor-element-e473c67\" data-id=\"e473c67\" data-element_type=\"column\">\n\t\t\t<div class=\"elementor-column-wrap elementor-element-populated\">\n\t\t\t\t\t\t\t<div class=\"elementor-widget-wrap\">\n\t\t\t\t\t\t<div class=\"elementor-element elementor-element-4a102bc elementor-widget elementor-widget-heading\" data-id=\"4a102bc\" data-element_type=\"widget\" data-widget_type=\"heading.default\">\n\t\t\t\t<div class=\"elementor-widget-container\">\n\t\t\t<h2 class=\"elementor-heading-title elementor-size-default\">Alfonso Exp\u00f3sito Garc\u00eda\n<\/h2>\t\t<\/div>\n\t\t\t\t<\/div>\n\t\t\t\t<section class=\"elementor-section elementor-inner-section elementor-element elementor-element-8412e05 elementor-section-boxed elementor-section-height-default elementor-section-height-default\" data-id=\"8412e05\" data-element_type=\"section\">\n\t\t\t\t\t\t<div class=\"elementor-container elementor-column-gap-default\">\n\t\t\t\t\t\t\t<div class=\"elementor-row\">\n\t\t\t\t\t<div class=\"elementor-column elementor-col-50 elementor-inner-column elementor-element elementor-element-192581a\" data-id=\"192581a\" data-element_type=\"column\">\n\t\t\t<div class=\"elementor-column-wrap elementor-element-populated\">\n\t\t\t\t\t\t\t<div class=\"elementor-widget-wrap\">\n\t\t\t\t\t\t<div class=\"elementor-element elementor-element-324cb15 elementor-widget elementor-widget-image\" data-id=\"324cb15\" data-element_type=\"widget\" data-widget_type=\"image.default\">\n\t\t\t\t<div class=\"elementor-widget-container\">\n\t\t\t\t\t\t\t\t<div class=\"elementor-image\">\n\t\t\t\t\t\t\t\t\t\t\t\t<img width=\"136\" height=\"160\" src=\"https:\/\/catedra.us.es\/eemedioambiente\/wp-content\/uploads\/2018\/11\/foto-alfonso-ajustada.jpg\" class=\"attachment-large size-large\" alt=\"\" loading=\"lazy\" \/>\t\t\t\t\t\t\t\t\t\t\t\t\t\t<\/div>\n\t\t\t\t\t\t<\/div>\n\t\t\t\t<\/div>\n\t\t\t\t\t\t<\/div>\n\t\t\t\t\t<\/div>\n\t\t<\/div>\n\t\t\t\t<div class=\"elementor-column elementor-col-50 elementor-inner-column elementor-element elementor-element-1d10126\" data-id=\"1d10126\" data-element_type=\"column\">\n\t\t\t<div class=\"elementor-column-wrap elementor-element-populated\">\n\t\t\t\t\t\t\t<div class=\"elementor-widget-wrap\">\n\t\t\t\t\t\t<div class=\"elementor-element elementor-element-a99ab90 elementor-widget elementor-widget-text-editor\" data-id=\"a99ab90\" data-element_type=\"widget\" data-widget_type=\"text-editor.default\">\n\t\t\t\t<div class=\"elementor-widget-container\">\n\t\t\t\t\t\t\t\t<div class=\"elementor-text-editor elementor-clearfix\">\n\t\t\t\t<p>Doctor en Econom\u00eda por la Universidad de Sevilla y Diplomado en Negocios Internacionales por University College Dublin (Irlanda). Profesor Ayudante Doctor del Departamento de An\u00e1lisis Econ\u00f3mico y Econom\u00eda Pol\u00edtica de la Universidad de Sevilla. Imparte docencia en las asignaturas de Microeconom\u00eda, Macroeconom\u00eda y Econom\u00eda Internacional. Su principal l\u00ednea de investigaci\u00f3n se centra en la Econom\u00eda del Agua y de los Recursos Naturales. Otras l\u00edneas de investigaci\u00f3n son la Econom\u00eda Internacional, y la Innovaci\u00f3n y Emprendimiento Empresarial. Sus publicaciones han aparecido en revistas nacionales e internacionales de elevado impacto. Asimismo, participa como investigador en varios proyectos nacionales e internacionales.<\/p><p><a href=\"http:\/\/catedra.us.es\/eemedioambiente\/wp-content\/uploads\/2018\/11\/2018-Short-CV-Alfonso-Exposito.pdf\">Visualizar Curriculum Vitae (PDF)<\/a><\/p>\t\t\t\t\t<\/div>\n\t\t\t\t\t\t<\/div>\n\t\t\t\t<\/div>\n\t\t\t\t\t\t<\/div>\n\t\t\t\t\t<\/div>\n\t\t<\/div>\n\t\t\t\t\t\t\t\t<\/div>\n\t\t\t\t\t<\/div>\n\t\t<\/section>\n\t\t\t\t\t\t<\/div>\n\t\t\t\t\t<\/div>\n\t\t<\/div>\n\t\t\t\t\t\t\t\t<\/div>\n\t\t\t\t\t<\/div>\n\t\t<\/section>\n\t\t\t\t<section class=\"elementor-section elementor-top-section elementor-element elementor-element-73fc3ea elementor-section-boxed elementor-section-height-default elementor-section-height-default\" data-id=\"73fc3ea\" data-element_type=\"section\">\n\t\t\t\t\t\t<div class=\"elementor-container elementor-column-gap-default\">\n\t\t\t\t\t\t\t<div class=\"elementor-row\">\n\t\t\t\t\t<div class=\"elementor-column elementor-col-100 elementor-top-column elementor-element elementor-element-b2d922b\" data-id=\"b2d922b\" data-element_type=\"column\">\n\t\t\t<div class=\"elementor-column-wrap elementor-element-populated\">\n\t\t\t\t\t\t\t<div class=\"elementor-widget-wrap\">\n\t\t\t\t\t\t<div class=\"elementor-element elementor-element-248f781 elementor-widget elementor-widget-heading\" data-id=\"248f781\" data-element_type=\"widget\" data-widget_type=\"heading.default\">\n\t\t\t\t<div class=\"elementor-widget-container\">\n\t\t\t<h2 class=\"elementor-heading-title elementor-size-default\">Javier S\u00e1nchez-Rivas Garc\u00eda\n<\/h2>\t\t<\/div>\n\t\t\t\t<\/div>\n\t\t\t\t<section class=\"elementor-section elementor-inner-section elementor-element elementor-element-5ebc3b9 elementor-section-boxed elementor-section-height-default elementor-section-height-default\" data-id=\"5ebc3b9\" data-element_type=\"section\">\n\t\t\t\t\t\t<div class=\"elementor-container elementor-column-gap-default\">\n\t\t\t\t\t\t\t<div class=\"elementor-row\">\n\t\t\t\t\t<div class=\"elementor-column elementor-col-50 elementor-inner-column elementor-element elementor-element-8cb735e\" data-id=\"8cb735e\" data-element_type=\"column\">\n\t\t\t<div class=\"elementor-column-wrap elementor-element-populated\">\n\t\t\t\t\t\t\t<div class=\"elementor-widget-wrap\">\n\t\t\t\t\t\t<div class=\"elementor-element elementor-element-d25c760 elementor-widget elementor-widget-image\" data-id=\"d25c760\" data-element_type=\"widget\" data-widget_type=\"image.default\">\n\t\t\t\t<div class=\"elementor-widget-container\">\n\t\t\t\t\t\t\t\t<div class=\"elementor-image\">\n\t\t\t\t\t\t\t\t\t\t\t\t<img width=\"120\" height=\"160\" src=\"https:\/\/catedra.us.es\/eemedioambiente\/wp-content\/uploads\/2018\/11\/Javier-S\u00e1nchez-Rivas_ajustada.jpg\" class=\"attachment-large size-large\" alt=\"\" loading=\"lazy\" \/>\t\t\t\t\t\t\t\t\t\t\t\t\t\t<\/div>\n\t\t\t\t\t\t<\/div>\n\t\t\t\t<\/div>\n\t\t\t\t\t\t<\/div>\n\t\t\t\t\t<\/div>\n\t\t<\/div>\n\t\t\t\t<div class=\"elementor-column elementor-col-50 elementor-inner-column elementor-element elementor-element-e055d37\" data-id=\"e055d37\" data-element_type=\"column\">\n\t\t\t<div class=\"elementor-column-wrap elementor-element-populated\">\n\t\t\t\t\t\t\t<div class=\"elementor-widget-wrap\">\n\t\t\t\t\t\t<div class=\"elementor-element elementor-element-43d878e elementor-widget elementor-widget-text-editor\" data-id=\"43d878e\" data-element_type=\"widget\" data-widget_type=\"text-editor.default\">\n\t\t\t\t<div class=\"elementor-widget-container\">\n\t\t\t\t\t\t\t\t<div class=\"elementor-text-editor elementor-clearfix\">\n\t\t\t\t<p>Doctor en Econom\u00eda\u00a0por la Universidad de Sevilla y Profesor del departamento de An\u00e1lisis Econ\u00f3mico y Econom\u00eda Pol\u00edtica en la Universidad de Sevilla desde el a\u00f1o 2009. Sus l\u00edneas de investigaci\u00f3n se centran en sostenibilidad tur\u00edstica, protecci\u00f3n del patrimonio e historia econ\u00f3mica.Ha participado en Proyectos de Investigaci\u00f3n sobre el oleoturismo, sostenibilidad tur\u00edstica, crecimiento econ\u00f3mico, etc. financiado tanto por la Consejer\u00eda de Turismo de la Junta de Andaluc\u00eda, como por empresas privadas.Autor de numerosas publicaciones repartidas en libros, cap\u00edtulos de libros, as\u00ed como algunas de sus publicaciones han aparecido en revistas nacionales e internacionales como Sustainability, Tourism Economics, Cuadernos del ICE, etc. Con las que ha obtenido el premio a la mejor publicaci\u00f3n en diciembre 2017 y noviembre 2018 de la Facultad de Turismo de la Universidad de Sevilla.<\/p><p><a href=\"http:\/\/catedra.us.es\/eemedioambiente\/wp-content\/uploads\/2018\/11\/2018-CV-Javier-S\u00e1nchez-Rivas-Garc\u00eda.pdf\">Visualizar Curriculum Vitae (PDF)<\/a><\/p>\t\t\t\t\t<\/div>\n\t\t\t\t\t\t<\/div>\n\t\t\t\t<\/div>\n\t\t\t\t\t\t<\/div>\n\t\t\t\t\t<\/div>\n\t\t<\/div>\n\t\t\t\t\t\t\t\t<\/div>\n\t\t\t\t\t<\/div>\n\t\t<\/section>\n\t\t\t\t\t\t<\/div>\n\t\t\t\t\t<\/div>\n\t\t<\/div>\n\t\t\t\t\t\t\t\t<\/div>\n\t\t\t\t\t<\/div>\n\t\t<\/section>\n\t\t\t\t<section class=\"elementor-section elementor-top-section elementor-element elementor-element-1a8aa1c elementor-section-boxed elementor-section-height-default elementor-section-height-default\" data-id=\"1a8aa1c\" data-element_type=\"section\">\n\t\t\t\t\t\t<div class=\"elementor-container elementor-column-gap-default\">\n\t\t\t\t\t\t\t<div class=\"elementor-row\">\n\t\t\t\t\t<div class=\"elementor-column elementor-col-100 elementor-top-column elementor-element elementor-element-559e155\" data-id=\"559e155\" data-element_type=\"column\">\n\t\t\t<div class=\"elementor-column-wrap elementor-element-populated\">\n\t\t\t\t\t\t\t<div class=\"elementor-widget-wrap\">\n\t\t\t\t\t\t<div class=\"elementor-element elementor-element-700ff38 elementor-widget elementor-widget-heading\" data-id=\"700ff38\" data-element_type=\"widget\" data-widget_type=\"heading.default\">\n\t\t\t\t<div class=\"elementor-widget-container\">\n\t\t\t<h2 class=\"elementor-heading-title elementor-size-default\">Carlos Serra Gir\u00e1ldez<\/h2>\t\t<\/div>\n\t\t\t\t<\/div>\n\t\t\t\t<section class=\"elementor-section elementor-inner-section elementor-element elementor-element-d26cffe elementor-section-boxed elementor-section-height-default elementor-section-height-default\" data-id=\"d26cffe\" data-element_type=\"section\">\n\t\t\t\t\t\t<div class=\"elementor-container elementor-column-gap-default\">\n\t\t\t\t\t\t\t<div class=\"elementor-row\">\n\t\t\t\t\t<div class=\"elementor-column elementor-col-50 elementor-inner-column elementor-element elementor-element-6c9d8d9\" data-id=\"6c9d8d9\" data-element_type=\"column\">\n\t\t\t<div class=\"elementor-column-wrap elementor-element-populated\">\n\t\t\t\t\t\t\t<div class=\"elementor-widget-wrap\">\n\t\t\t\t\t\t<div class=\"elementor-element elementor-element-52fb43d elementor-widget elementor-widget-image\" data-id=\"52fb43d\" data-element_type=\"widget\" data-widget_type=\"image.default\">\n\t\t\t\t<div class=\"elementor-widget-container\">\n\t\t\t\t\t\t\t\t<div class=\"elementor-image\">\n\t\t\t\t\t\t\t\t\t\t\t\t<img width=\"120\" height=\"160\" src=\"https:\/\/catedra.us.es\/eemedioambiente\/wp-content\/uploads\/2018\/02\/carlos_serra.jpg\" class=\"attachment-large size-large\" alt=\"\" loading=\"lazy\" \/>\t\t\t\t\t\t\t\t\t\t\t\t\t\t<\/div>\n\t\t\t\t\t\t<\/div>\n\t\t\t\t<\/div>\n\t\t\t\t\t\t<\/div>\n\t\t\t\t\t<\/div>\n\t\t<\/div>\n\t\t\t\t<div class=\"elementor-column elementor-col-50 elementor-inner-column elementor-element elementor-element-ed0b5fa\" data-id=\"ed0b5fa\" data-element_type=\"column\">\n\t\t\t<div class=\"elementor-column-wrap elementor-element-populated\">\n\t\t\t\t\t\t\t<div class=\"elementor-widget-wrap\">\n\t\t\t\t\t\t<div class=\"elementor-element elementor-element-2871e72 elementor-widget elementor-widget-text-editor\" data-id=\"2871e72\" data-element_type=\"widget\" data-widget_type=\"text-editor.default\">\n\t\t\t\t<div class=\"elementor-widget-container\">\n\t\t\t\t\t\t\t\t<div class=\"elementor-text-editor elementor-clearfix\">\n\t\t\t\t<p>Ingeniero Industrial por la Universidad de Sevilla. M\u00e1ster en Sistemas de Energ\u00eda T\u00e9rmica por la Universidad de Sevilla con calificaci\u00f3n de sobresaliente. Su actividad profesional se centra en el sector energ\u00e9tico, cuenta con amplia experiencia en dise\u00f1o de planes y programas p\u00fablicos energ\u00e9ticos. Sus l\u00edneas de investigaci\u00f3n se centran en el impacto de la transici\u00f3n hacia sistemas energ\u00e9ticos descarbonizados y el funcionamiento del mercado el\u00e9ctrico espa\u00f1ol.<\/p>\t\t\t\t\t<\/div>\n\t\t\t\t\t\t<\/div>\n\t\t\t\t<\/div>\n\t\t\t\t\t\t<\/div>\n\t\t\t\t\t<\/div>\n\t\t<\/div>\n\t\t\t\t\t\t\t\t<\/div>\n\t\t\t\t\t<\/div>\n\t\t<\/section>\n\t\t\t\t\t\t<\/div>\n\t\t\t\t\t<\/div>\n\t\t<\/div>\n\t\t\t\t\t\t\t\t<\/div>\n\t\t\t\t\t<\/div>\n\t\t<\/section>\n\t\t\t\t<section class=\"elementor-section elementor-top-section elementor-element elementor-element-d45fc64 elementor-section-boxed elementor-section-height-default elementor-section-height-default\" data-id=\"d45fc64\" data-element_type=\"section\">\n\t\t\t\t\t\t<div class=\"elementor-container elementor-column-gap-default\">\n\t\t\t\t\t\t\t<div class=\"elementor-row\">\n\t\t\t\t\t<div class=\"elementor-column elementor-col-100 elementor-top-column elementor-element elementor-element-bfda4d4\" data-id=\"bfda4d4\" data-element_type=\"column\">\n\t\t\t<div class=\"elementor-column-wrap elementor-element-populated\">\n\t\t\t\t\t\t\t<div class=\"elementor-widget-wrap\">\n\t\t\t\t\t\t<div class=\"elementor-element elementor-element-6363213 elementor-widget elementor-widget-heading\" data-id=\"6363213\" data-element_type=\"widget\" data-widget_type=\"heading.default\">\n\t\t\t\t<div class=\"elementor-widget-container\">\n\t\t\t<h2 class=\"elementor-heading-title elementor-size-default\">Jaime L\u00f3pez-Melendo Lannes <\/h2>\t\t<\/div>\n\t\t\t\t<\/div>\n\t\t\t\t<section class=\"elementor-section elementor-inner-section elementor-element elementor-element-fa28611 elementor-section-boxed elementor-section-height-default elementor-section-height-default\" data-id=\"fa28611\" data-element_type=\"section\">\n\t\t\t\t\t\t<div class=\"elementor-container elementor-column-gap-default\">\n\t\t\t\t\t\t\t<div class=\"elementor-row\">\n\t\t\t\t\t<div class=\"elementor-column elementor-col-50 elementor-inner-column elementor-element elementor-element-b66b516\" data-id=\"b66b516\" data-element_type=\"column\">\n\t\t\t<div class=\"elementor-column-wrap elementor-element-populated\">\n\t\t\t\t\t\t\t<div class=\"elementor-widget-wrap\">\n\t\t\t\t\t\t<div class=\"elementor-element elementor-element-426d090 elementor-widget elementor-widget-image\" data-id=\"426d090\" data-element_type=\"widget\" data-widget_type=\"image.default\">\n\t\t\t\t<div class=\"elementor-widget-container\">\n\t\t\t\t\t\t\t\t<div class=\"elementor-image\">\n\t\t\t\t\t\t\t\t\t\t\t\t<img width=\"120\" height=\"160\" src=\"https:\/\/catedra.us.es\/eemedioambiente\/wp-content\/uploads\/2019\/01\/Lopez-Melendo-2.jpg\" class=\"attachment-large size-large\" alt=\"\" loading=\"lazy\" \/>\t\t\t\t\t\t\t\t\t\t\t\t\t\t<\/div>\n\t\t\t\t\t\t<\/div>\n\t\t\t\t<\/div>\n\t\t\t\t\t\t<\/div>\n\t\t\t\t\t<\/div>\n\t\t<\/div>\n\t\t\t\t<div class=\"elementor-column elementor-col-50 elementor-inner-column elementor-element elementor-element-6713b6b\" data-id=\"6713b6b\" data-element_type=\"column\">\n\t\t\t<div class=\"elementor-column-wrap elementor-element-populated\">\n\t\t\t\t\t\t\t<div class=\"elementor-widget-wrap\">\n\t\t\t\t\t\t<div class=\"elementor-element elementor-element-a00c4ee elementor-widget elementor-widget-text-editor\" data-id=\"a00c4ee\" data-element_type=\"widget\" data-widget_type=\"text-editor.default\">\n\t\t\t\t<div class=\"elementor-widget-container\">\n\t\t\t\t\t\t\t\t<div class=\"elementor-text-editor elementor-clearfix\">\n\t\t\t\t<p>Doctor en Econom\u00eda (2013) y en Derecho (1995) por la Universidad de Sevilla; es M\u00e1ster en Econom\u00eda y Direcci\u00f3n de Empresas por IESE, Barcelona (1990), Universidad de Navarra. Funcionario del Cuerpo Superior de Administradores de Gesti\u00f3n Financiera, trabaja actualmente en la Intervenci\u00f3n General de la Junta de Andaluc\u00eda. Recientemente ha participado como ENFP en la Direcci\u00f3n General de Investigaci\u00f3n e Innovaci\u00f3n (Unidad de Recursos Marinos) de la Comisi\u00f3n Europea en actividades directamente vinculadas con la Econom\u00eda Circular.<\/p>\t\t\t\t\t<\/div>\n\t\t\t\t\t\t<\/div>\n\t\t\t\t<\/div>\n\t\t\t\t\t\t<\/div>\n\t\t\t\t\t<\/div>\n\t\t<\/div>\n\t\t\t\t\t\t\t\t<\/div>\n\t\t\t\t\t<\/div>\n\t\t<\/section>\n\t\t\t\t\t\t<\/div>\n\t\t\t\t\t<\/div>\n\t\t<\/div>\n\t\t\t\t\t\t\t\t<\/div>\n\t\t\t\t\t<\/div>\n\t\t<\/section>\n\t\t\t\t\t\t\t\t\t<\/div>\n\t\t\t<\/div>\n\t\t\t\t\t<\/div>\n\t\t","protected":false},"excerpt":{"rendered":"<p>Manuel Alejandro Cardenete Flores Ha sido Visiting Research Scholar del Regional Economics Applications Laboratory -REAL- de la Universidad de Illinois at Urbana-Champaign (EEUU) en 2002 y de la Universitat Aut\u00f2noma de Barcelona (Espa\u00f1a) en 1998. Es Investigador Asociado a EUREAL (European Union Regional Economics Applications Laboratory) y GReCS (Grupo de Investigaci\u00f3n en Computaci\u00f3n y Simulaciones) [&hellip;]<\/p>\n","protected":false},"author":1,"featured_media":0,"parent":31,"menu_order":0,"comment_status":"closed","ping_status":"closed","template":"","meta":[],"_links":{"self":[{"href":"https:\/\/catedra.us.es\/eemedioambiente\/wp-json\/wp\/v2\/pages\/35"}],"collection":[{"href":"https:\/\/catedra.us.es\/eemedioambiente\/wp-json\/wp\/v2\/pages"}],"about":[{"href":"https:\/\/catedra.us.es\/eemedioambiente\/wp-json\/wp\/v2\/types\/page"}],"author":[{"embeddable":true,"href":"https:\/\/catedra.us.es\/eemedioambiente\/wp-json\/wp\/v2\/users\/1"}],"replies":[{"embeddable":true,"href":"https:\/\/catedra.us.es\/eemedioambiente\/wp-json\/wp\/v2\/comments?post=35"}],"version-history":[{"count":10,"href":"https:\/\/catedra.us.es\/eemedioambiente\/wp-json\/wp\/v2\/pages\/35\/revisions"}],"predecessor-version":[{"id":1793,"href":"https:\/\/catedra.us.es\/eemedioambiente\/wp-json\/wp\/v2\/pages\/35\/revisions\/1793"}],"up":[{"embeddable":true,"href":"https:\/\/catedra.us.es\/eemedioambiente\/wp-json\/wp\/v2\/pages\/31"}],"wp:attachment":[{"href":"https:\/\/catedra.us.es\/eemedioambiente\/wp-json\/wp\/v2\/media?parent=35"}],"curies":[{"name":"wp","href":"https:\/\/api.w.org\/{rel}","templated":true}]}}